{"articles":[{"classes":["outercol"],"isFavourite":false,"isExternalUrl":{"articleLink":false},"articleListButtonsData":{"buttonsList":[{"label":"Les mer","url":"\/?id=86295263&Article=575","type":"readmore"}],"mode":"default"},"favouriteType":null,"mnu":null,"section":null,"displayId":true,"docId":575,"identifier":"575Article","docType":"Article","customDate":false,"teaserData":{"teaserText":"","mode":"default"},"content":{"teaser":"","intro":"Hommage to Hans Ragnar Mathisen, Elle-H\u00e1nsa, Keviselie in relation to Hans Ragnar Mathisen, Elle-Hans\u00e1, Keviselie`s appointment as honorary doctorate at UiT The Arctic University of Norway "},"titles":{"main":"Gratulasjon til Elle-H\u00e1nsa i forbindelse med hans utnevnelse som \u00e6resdoktor ved UiT","readMoreButton":"Les mer"},"urls":{"readMore":"\/?id=86295263&Article=575","booking":null},"created":{"date":"01.09.2022","time":"10:37","timestamp":1662021420},"introAllowHtml":false,"hasTicket":false,"extra":null,"hasReadMore":true,"media":{"imageData":null,"previewImageUrl":"#","imageVariants":[{"path":"#","width":0,"height":0,"aspectRatio":1}],"image":"\/sites\/a\/arran.no\/files\/20211103_133212.jpg","aspect":1,"type":"image","description":null},"additionalData":[]},{"classes":["outercol"],"isFavourite":false,"isExternalUrl":{"articleLink":false},"articleListButtonsData":{"buttonsList":[{"label":"Les mer","url":"\/?id=86295263&Article=564","type":"readmore"}],"mode":"default"},"favouriteType":null,"mnu":null,"section":null,"displayId":true,"docId":564,"identifier":"564Article","docType":"Article","customDate":false,"teaserData":{"teaserText":"","mode":"default"},"content":{"teaser":"","intro":"Hans Majestet Kongen har utnevnt Hans Ragnar Mathisen til Ridder 1. klasse av Den Kongelige Norske St. Olavs Orden for hans virke som kunstner og arbeid for urfolks rettigheter.\r\n\r\n\u00c1rran forvalter kunstsamlingen til Keviselie\/Elle-H\u00e1nsa\/Hans Ragnar Mathisen og gratulerer hjerteligst med utnevnelsen. "},"titles":{"main":"Hans Majestet Kongen har utnevnt Hans Ragnar Mathisen til Ridder 1. klasse","readMoreButton":"Les mer"},"urls":{"readMore":"\/?id=86295263&Article=564","booking":null},"created":{"date":"25.08.2022","time":"07:58","timestamp":1661407080},"introAllowHtml":false,"hasTicket":false,"extra":null,"hasReadMore":true,"media":{"imageData":{"path":"\/sites\/a\/arran.no\/files\/iii__keviselieellehansahansragnarmathisenfototromsoekunstforeningtanyabusse.jpg","width":1200,"height":1800,"aspectRatio":0.6666666666666666},"previewImageUrl":"\/sites\/a\/arran.no\/files\/iii__keviselieellehansahansragnarmathisenfototromsoekunstforeningtanyabusse.jpg?cropToFit=100x59&quality=50","imageVariants":[{"path":"\/sites\/a\/arran.no\/files\/iii__keviselieellehansahansragnarmathisenfototromsoekunstforeningtanyabusse.jpg?cropToFit=100x59&quality=75","width":100,"height":59,"aspectRatio":1.694915254237288},{"path":"\/sites\/a\/arran.no\/files\/iii__keviselieellehansahansragnarmathisenfototromsoekunstforeningtanyabusse.jpg?cropToFit=200x118&quality=75","width":200,"height":118,"aspectRatio":1.694915254237288},{"path":"\/sites\/a\/arran.no\/files\/iii__keviselieellehansahansragnarmathisenfototromsoekunstforeningtanyabusse.jpg?cropToFit=400x235&quality=75","width":400,"height":235,"aspectRatio":1.702127659574468},{"path":"\/sites\/a\/arran.no\/files\/iii__keviselieellehansahansragnarmathisenfototromsoekunstforeningtanyabusse.jpg?cropToFit=600x353&quality=75","width":600,"height":353,"aspectRatio":1.6997167138810199},{"path":"\/sites\/a\/arran.no\/files\/iii__keviselieellehansahansragnarmathisenfototromsoekunstforeningtanyabusse.jpg?cropToFit=800x471&quality=75","width":800,"height":471,"aspectRatio":1.6985138004246285},{"path":"\/sites\/a\/arran.no\/files\/iii__keviselieellehansahansragnarmathisenfototromsoekunstforeningtanyabusse.jpg?cropToFit=1000x588&quality=75","width":1000,"height":588,"aspectRatio":1.7006802721088434},{"path":"\/sites\/a\/arran.no\/files\/iii__keviselieellehansahansragnarmathisenfototromsoekunstforeningtanyabusse.jpg?cropToFit=1200x706&quality=75","width":1200,"height":706,"aspectRatio":1.6997167138810199}],"image":"\/sites\/a\/arran.no\/files\/iii__keviselieellehansahansragnarmathisenfototromsoekunstforeningtanyabusse.jpg","aspect":1.694915254237288,"type":"image","description":null},"additionalData":[]},{"classes":["outercol"],"isFavourite":false,"isExternalUrl":{"articleLink":false},"articleListButtonsData":{"buttonsList":[{"label":"Les mer","url":"\/?id=86295263&Article=453","type":"readmore"}],"mode":"default"},"favouriteType":null,"mnu":null,"section":null,"displayId":true,"docId":453,"identifier":"453Article","docType":"Article","customDate":false,"teaserData":{"teaserText":"L\u00f8rdag 18. september i Troms\u00f8 - Elle-H\u00e1nsa\/Keviselie\/Hans Ragnar Mathisens utstilling \u00ab\u010cSV terra cognita\u00bb - \u00c5pning","mode":"default"},"content":{"teaser":"L\u00f8rdag 18. september i Troms\u00f8 - Elle-H\u00e1nsa\/Keviselie\/Hans Ragnar Mathisens utstilling \u00ab\u010cSV terra cognita\u00bb - \u00c5pning","intro":"Elle-H\u00e1nsa\/Keviselie\/Hans Ragnar Mathisens utstilling \u00ab\u010cSV terra cognita\u00bb - \u00c5pning l\u00f8rdag 18. september i Troms\u00f8"},"titles":{"main":"Elle-H\u00e1nsa\/Keviselie\/Hans Ragnar Mathisens utstilling \u00ab\u010cSV terra cognita\u00bb - \u00c5pning l\u00f8rdag 18. ","readMoreButton":"Les mer"},"urls":{"readMore":"\/?id=86295263&Article=453","booking":null},"created":{"date":"10.09.2021","time":"12:03","timestamp":1631268180},"introAllowHtml":false,"hasTicket":false,"extra":null,"hasReadMore":true,"media":{"imageData":{"path":"\/sites\/a\/arran.no\/files\/iii__keviselieellehansahansragnarmathisenfototromsoekunstforeningtanyabusse.jpg","width":1200,"height":1800,"aspectRatio":0.6666666666666666},"previewImageUrl":"\/sites\/a\/arran.no\/files\/iii__keviselieellehansahansragnarmathisenfototromsoekunstforeningtanyabusse.jpg?cropToFit=100x59&quality=50","imageVariants":[{"path":"\/sites\/a\/arran.no\/files\/iii__keviselieellehansahansragnarmathisenfototromsoekunstforeningtanyabusse.jpg?cropToFit=100x59&quality=75","width":100,"height":59,"aspectRatio":1.694915254237288},{"path":"\/sites\/a\/arran.no\/files\/iii__keviselieellehansahansragnarmathisenfototromsoekunstforeningtanyabusse.jpg?cropToFit=200x118&quality=75","width":200,"height":118,"aspectRatio":1.694915254237288},{"path":"\/sites\/a\/arran.no\/files\/iii__keviselieellehansahansragnarmathisenfototromsoekunstforeningtanyabusse.jpg?cropToFit=400x235&quality=75","width":400,"height":235,"aspectRatio":1.702127659574468},{"path":"\/sites\/a\/arran.no\/files\/iii__keviselieellehansahansragnarmathisenfototromsoekunstforeningtanyabusse.jpg?cropToFit=600x353&quality=75","width":600,"height":353,"aspectRatio":1.6997167138810199},{"path":"\/sites\/a\/arran.no\/files\/iii__keviselieellehansahansragnarmathisenfototromsoekunstforeningtanyabusse.jpg?cropToFit=800x471&quality=75","width":800,"height":471,"aspectRatio":1.6985138004246285},{"path":"\/sites\/a\/arran.no\/files\/iii__keviselieellehansahansragnarmathisenfototromsoekunstforeningtanyabusse.jpg?cropToFit=1000x588&quality=75","width":1000,"height":588,"aspectRatio":1.7006802721088434},{"path":"\/sites\/a\/arran.no\/files\/iii__keviselieellehansahansragnarmathisenfototromsoekunstforeningtanyabusse.jpg?cropToFit=1200x706&quality=75","width":1200,"height":706,"aspectRatio":1.6997167138810199}],"image":"\/sites\/a\/arran.no\/files\/iii__keviselieellehansahansragnarmathisenfototromsoekunstforeningtanyabusse.jpg","aspect":1.694915254237288,"type":"image","description":null},"additionalData":[]},{"classes":["outercol"],"isFavourite":false,"isExternalUrl":{"articleLink":false},"articleListButtonsData":{"buttonsList":[{"label":"Les mer","url":"\/?id=86295263&Article=444","type":"readmore"}],"mode":"default"},"favouriteType":null,"mnu":null,"section":null,"displayId":true,"docId":444,"identifier":"444Article","docType":"Article","customDate":false,"teaserData":{"teaserText":"","mode":"default"},"content":{"teaser":"","intro":"\u00c1rran lulesamisk senter i Tysfjord f\u00e5r 400 000 kroner fra fylkesr\u00e5det til dokumentasjon og synliggj\u00f8ring av kunsten til Elle-H\u00e1nsa\/Keviselie\/Hans Ragnar Mathisen."},"titles":{"main":"\u00c1rran f\u00e5r midler til \u00e5 l\u00f8fte fram kunstskatt!","readMoreButton":"Les mer"},"urls":{"readMore":"\/?id=86295263&Article=444","booking":null},"created":{"date":"02.07.2021","time":"19:06","timestamp":1625245560},"introAllowHtml":false,"hasTicket":false,"extra":null,"hasReadMore":true,"media":{"imageData":{"path":"\/sites\/a\/arran.no\/files\/midler_til_kunstskatt.jpg","width":2048,"height":1368,"aspectRatio":1.4970760233918128},"previewImageUrl":"\/sites\/a\/arran.no\/files\/midler_til_kunstskatt.jpg?cropToFit=100x59&quality=50","imageVariants":[{"path":"\/sites\/a\/arran.no\/files\/midler_til_kunstskatt.jpg?cropToFit=100x59&quality=75","width":100,"height":59,"aspectRatio":1.694915254237288},{"path":"\/sites\/a\/arran.no\/files\/midler_til_kunstskatt.jpg?cropToFit=200x118&quality=75","width":200,"height":118,"aspectRatio":1.694915254237288},{"path":"\/sites\/a\/arran.no\/files\/midler_til_kunstskatt.jpg?cropToFit=400x235&quality=75","width":400,"height":235,"aspectRatio":1.702127659574468},{"path":"\/sites\/a\/arran.no\/files\/midler_til_kunstskatt.jpg?cropToFit=600x353&quality=75","width":600,"height":353,"aspectRatio":1.6997167138810199},{"path":"\/sites\/a\/arran.no\/files\/midler_til_kunstskatt.jpg?cropToFit=800x471&quality=75","width":800,"height":471,"aspectRatio":1.6985138004246285},{"path":"\/sites\/a\/arran.no\/files\/midler_til_kunstskatt.jpg?cropToFit=1000x588&quality=75","width":1000,"height":588,"aspectRatio":1.7006802721088434},{"path":"\/sites\/a\/arran.no\/files\/midler_til_kunstskatt.jpg?cropToFit=1200x706&quality=75","width":1200,"height":706,"aspectRatio":1.6997167138810199}],"image":"\/sites\/a\/arran.no\/files\/midler_til_kunstskatt.jpg","aspect":1.694915254237288,"type":"image","description":"Fylkesr\u00e5dsleder Tomas Norvoll flankert av styreleder ved \u00c1rran Lennart Mikkelsen (t.v.) og direkt\u00f8r Lars Magne Andreassen."},"additionalData":[]},{"classes":["outercol"],"isFavourite":false,"isExternalUrl":{"articleLink":false},"articleListButtonsData":{"buttonsList":[{"label":"Les mer","url":"\/?id=86295263&Article=431","type":"readmore"}],"mode":"default"},"favouriteType":null,"mnu":null,"section":null,"displayId":true,"docId":431,"identifier":"431Article","docType":"Article","customDate":false,"teaserData":{"teaserText":"","mode":"default"},"content":{"teaser":"","intro":"Like f\u00f8r p\u00e5skehelligdagene startet, fikk \u00c1rran melding fra Norsk Kulturr\u00e5d om at Norsk kulturfond har innvilget kr. 1 050 000 i investeringstilskudd til kunstmagasinet, som oms\u00f8kt. S\u00f8knaden ble behandlet i m\u00f8te i Norsk kulturr\u00e5d den\u00a025.03.2021.\u00a0"},"titles":{"main":"Klart for bygging av kunstmagasin","readMoreButton":"Les mer"},"urls":{"readMore":"\/?id=86295263&Article=431","booking":null},"created":{"date":"06.04.2021","time":"06:42","timestamp":1617684120},"introAllowHtml":false,"hasTicket":false,"extra":null,"hasReadMore":true,"media":{"imageData":{"path":"\/sites\/a\/arran.no\/files\/kunstmagasin_planlegges.jpg","width":750,"height":563,"aspectRatio":1.3321492007104796},"previewImageUrl":"\/sites\/a\/arran.no\/files\/kunstmagasin_planlegges.jpg?cropToFit=100x59&quality=50","imageVariants":[{"path":"\/sites\/a\/arran.no\/files\/kunstmagasin_planlegges.jpg?cropToFit=100x59&quality=75","width":100,"height":59,"aspectRatio":1.694915254237288},{"path":"\/sites\/a\/arran.no\/files\/kunstmagasin_planlegges.jpg?cropToFit=200x118&quality=75","width":200,"height":118,"aspectRatio":1.694915254237288},{"path":"\/sites\/a\/arran.no\/files\/kunstmagasin_planlegges.jpg?cropToFit=400x235&quality=75","width":400,"height":235,"aspectRatio":1.702127659574468},{"path":"\/sites\/a\/arran.no\/files\/kunstmagasin_planlegges.jpg?cropToFit=600x353&quality=75","width":600,"height":353,"aspectRatio":1.6997167138810199},{"path":"\/sites\/a\/arran.no\/files\/kunstmagasin_planlegges.jpg?cropToFit=800x471&quality=75","width":750,"height":442,"aspectRatio":1.6968325791855203},{"path":"\/sites\/a\/arran.no\/files\/kunstmagasin_planlegges.jpg?cropToFit=1000x588&quality=75","width":750,"height":441,"aspectRatio":1.7006802721088434},{"path":"\/sites\/a\/arran.no\/files\/kunstmagasin_planlegges.jpg?cropToFit=1200x706&quality=75","width":750,"height":441,"aspectRatio":1.7006802721088434}],"image":"\/sites\/a\/arran.no\/files\/kunstmagasin_planlegges.jpg","aspect":1.694915254237288,"type":"image","description":"Bildet viser hvor kunstmagasinet er planlagt bygget."},"additionalData":[]},{"classes":["outercol"],"isFavourite":false,"isExternalUrl":{"articleLink":false},"articleListButtonsData":{"buttonsList":[{"label":"Les mer","url":"\/?id=86295263&Article=376","type":"readmore"}],"mode":"default"},"favouriteType":null,"mnu":null,"section":null,"displayId":true,"docId":376,"identifier":"376Article","docType":"Article","customDate":false,"teaserData":{"teaserText":"kunst, donasjon, ","mode":"default"},"content":{"teaser":"kunst, donasjon, ","intro":"Keviselie-Elle H\u00e1nsa-Hans Ragnar Mathisen valgte i 2017 \u00e5 donere sine kunstverk til \u00c1rran - julevs\u00e1me guovd\u00e1sj\/ lulesamisk senter. Det best\u00e5r av en kunstsamling p\u00e5 ca. 10-15 000 kunstverk, b\u00f8ker, arkivmateriale og annen produksjon. Et lite utvalg av kunstsamlingen viser vi frem i kantina p\u00e5 \u00c1rran i sommer."},"titles":{"main":"Utstilling av Hans Ragnar Mathisens kunst kan sees p\u00e5 \u00c1rran i sommer.","readMoreButton":"Les mer"},"urls":{"readMore":"\/?id=86295263&Article=376","booking":null},"created":{"date":"29.06.2020","time":"00:00","timestamp":1593381600},"introAllowHtml":false,"hasTicket":false,"extra":null,"hasReadMore":true,"media":{"imageData":{"path":"\/sites\/a\/arran.no\/files\/mathisen_kart.jpg","width":2285,"height":1800,"aspectRatio":1.2694444444444444},"previewImageUrl":"\/sites\/a\/arran.no\/files\/mathisen_kart.jpg?cropToFit=100x59&quality=50","imageVariants":[{"path":"\/sites\/a\/arran.no\/files\/mathisen_kart.jpg?cropToFit=100x59&quality=75","width":100,"height":59,"aspectRatio":1.694915254237288},{"path":"\/sites\/a\/arran.no\/files\/mathisen_kart.jpg?cropToFit=200x118&quality=75","width":200,"height":118,"aspectRatio":1.694915254237288},{"path":"\/sites\/a\/arran.no\/files\/mathisen_kart.jpg?cropToFit=400x235&quality=75","width":400,"height":235,"aspectRatio":1.702127659574468},{"path":"\/sites\/a\/arran.no\/files\/mathisen_kart.jpg?cropToFit=600x353&quality=75","width":600,"height":353,"aspectRatio":1.6997167138810199},{"path":"\/sites\/a\/arran.no\/files\/mathisen_kart.jpg?cropToFit=800x471&quality=75","width":800,"height":471,"aspectRatio":1.6985138004246285},{"path":"\/sites\/a\/arran.no\/files\/mathisen_kart.jpg?cropToFit=1000x588&quality=75","width":1000,"height":588,"aspectRatio":1.7006802721088434},{"path":"\/sites\/a\/arran.no\/files\/mathisen_kart.jpg?cropToFit=1200x706&quality=75","width":1200,"height":706,"aspectRatio":1.6997167138810199}],"image":"\/sites\/a\/arran.no\/files\/mathisen_kart.jpg","aspect":1.694915254237288,"type":"image","description":"Kunstkart av Hans Ragnar Mathisen"},"additionalData":[]},{"classes":["outercol"],"isFavourite":false,"isExternalUrl":{"articleLink":false},"articleListButtonsData":{"buttonsList":[{"label":"Les mer","url":"\/?id=86295263&Article=373","type":"readmore"}],"mode":"default"},"favouriteType":null,"mnu":null,"section":null,"displayId":true,"docId":373,"identifier":"373Article","docType":"Article","customDate":false,"teaserData":{"teaserText":"","mode":"default"},"content":{"teaser":"","intro":"Den samiske kunstneren er ogs\u00e5 kjent som Keviselie\/Elle-H\u00e1nsa, Totalt omfatter kunstsamlingen ca. 15 000 verk, inkludert tusenvis av skisser og tegninger innbundet i b\u00f8ker.\u00a0"},"titles":{"main":"Hans Ragnar Mathisen har donert sin kunst til \u00c1rran.","readMoreButton":"Les mer"},"urls":{"readMore":"\/?id=86295263&Article=373","booking":null},"created":{"date":"06.04.2023","time":"18:26","timestamp":1680798360},"introAllowHtml":false,"hasTicket":false,"extra":null,"hasReadMore":true,"media":{"imageData":{"path":"\/sites\/a\/arran.no\/files\/1817171471.jpg","width":1800,"height":2400,"aspectRatio":0.75},"previewImageUrl":"\/sites\/a\/arran.no\/files\/1817171471.jpg?cropToFit=100x59&quality=50","imageVariants":[{"path":"\/sites\/a\/arran.no\/files\/1817171471.jpg?cropToFit=100x59&quality=75","width":100,"height":59,"aspectRatio":1.694915254237288},{"path":"\/sites\/a\/arran.no\/files\/1817171471.jpg?cropToFit=200x118&quality=75","width":200,"height":118,"aspectRatio":1.694915254237288},{"path":"\/sites\/a\/arran.no\/files\/1817171471.jpg?cropToFit=400x235&quality=75","width":400,"height":235,"aspectRatio":1.702127659574468},{"path":"\/sites\/a\/arran.no\/files\/1817171471.jpg?cropToFit=600x353&quality=75","width":600,"height":353,"aspectRatio":1.6997167138810199},{"path":"\/sites\/a\/arran.no\/files\/1817171471.jpg?cropToFit=800x471&quality=75","width":800,"height":471,"aspectRatio":1.6985138004246285},{"path":"\/sites\/a\/arran.no\/files\/1817171471.jpg?cropToFit=1000x588&quality=75","width":1000,"height":588,"aspectRatio":1.7006802721088434},{"path":"\/sites\/a\/arran.no\/files\/1817171471.jpg?cropToFit=1200x706&quality=75","width":1200,"height":706,"aspectRatio":1.6997167138810199}],"image":"\/sites\/a\/arran.no\/files\/1817171471.jpg","aspect":1.694915254237288,"type":"image","description":"Hans Ragnar Mathisen"},"additionalData":[]},{"classes":["outercol"],"isFavourite":false,"isExternalUrl":{"articleLink":false},"articleListButtonsData":{"buttonsList":[{"label":"Les mer","url":"\/?id=86295263&Article=249","type":"readmore"}],"mode":"default"},"favouriteType":null,"mnu":null,"section":null,"displayId":true,"docId":249,"identifier":"249Article","docType":"Article","customDate":false,"teaserData":{"teaserText":"\"Fortell meg at jeg er en ressurs, s\u00e5 blir jeg det\"","mode":"default"},"content":{"teaser":"\"Fortell meg at jeg er en ressurs, s\u00e5 blir jeg det\"","intro":"Elever og l\u00e6rere i Hamar\u00f8yskolene, skolene p\u00e5 Drag og Storjord, samt Musikk - og kulturskolene i begge kommunene jobber for tiden med prosjektet \"Vi e\u00b4 her\" \/ \"Mij lip d\u00e1ppe\", et bli kjent - prosjekt i anledning Det Nye Hamar\u00f8y. Det jobbes fram mot ei st\u00f8rre forestilling i Hamar\u00f8y hallen den 22 november 2018. \r\n\r\nI forbindelse med dette prosjektet ble Delprosjekt 5, \"Tillitsbygging\" i prosjekt Jasska\/Trygg og Museet p\u00e5 \u00c1rran bedt om \u00e5 arrangere en workshop for alle 5 klassingene. Kunstverkstedet ble gjennomf\u00f8rt p\u00e5 ASVO den 23 oktober, og kunstnerne Hans Ragnar Mathisen og Sissel Horndal var invitert til \u00e5 komme dit. "},"titles":{"main":"Kunstverksted med Hans Ragnar Mathisen og Sissel Horndal","readMoreButton":"Les mer"},"urls":{"readMore":"\/?id=86295263&Article=249","booking":null},"created":{"date":"02.11.2018","time":"13:30","timestamp":1541161800},"introAllowHtml":false,"hasTicket":false,"extra":null,"hasReadMore":true,"media":{"imageData":{"path":"\/sites\/a\/arran.no\/files\/workshop_fellesbilde.jpg","width":1548,"height":1161,"aspectRatio":1.3333333333333333},"previewImageUrl":"\/sites\/a\/arran.no\/files\/workshop_fellesbilde.jpg?cropToFit=100x59&quality=50","imageVariants":[{"path":"\/sites\/a\/arran.no\/files\/workshop_fellesbilde.jpg?cropToFit=100x59&quality=75","width":100,"height":59,"aspectRatio":1.694915254237288},{"path":"\/sites\/a\/arran.no\/files\/workshop_fellesbilde.jpg?cropToFit=200x118&quality=75","width":200,"height":118,"aspectRatio":1.694915254237288},{"path":"\/sites\/a\/arran.no\/files\/workshop_fellesbilde.jpg?cropToFit=400x235&quality=75","width":400,"height":235,"aspectRatio":1.702127659574468},{"path":"\/sites\/a\/arran.no\/files\/workshop_fellesbilde.jpg?cropToFit=600x353&quality=75","width":600,"height":353,"aspectRatio":1.6997167138810199},{"path":"\/sites\/a\/arran.no\/files\/workshop_fellesbilde.jpg?cropToFit=800x471&quality=75","width":800,"height":471,"aspectRatio":1.6985138004246285},{"path":"\/sites\/a\/arran.no\/files\/workshop_fellesbilde.jpg?cropToFit=1000x588&quality=75","width":1000,"height":588,"aspectRatio":1.7006802721088434},{"path":"\/sites\/a\/arran.no\/files\/workshop_fellesbilde.jpg?cropToFit=1200x706&quality=75","width":1200,"height":706,"aspectRatio":1.6997167138810199}],"image":"\/sites\/a\/arran.no\/files\/workshop_fellesbilde.jpg","aspect":1.694915254237288,"type":"image","description":"Elever i Det Nye Hamar\u00f8y"},"additionalData":[]},{"classes":["outercol"],"isFavourite":false,"isExternalUrl":{"articleLink":false},"articleListButtonsData":{"buttonsList":[{"label":"Les mer","url":"\/?id=86295263&Article=230","type":"readmore"}],"mode":"default"},"favouriteType":null,"mnu":null,"section":null,"displayId":true,"docId":230,"identifier":"230Article","docType":"Article","customDate":false,"teaserData":{"teaserText":"Kunstkart over samiske omr\u00e5der.","mode":"default"},"content":{"teaser":"Kunstkart over samiske omr\u00e5der.","intro":"Kunstkart er et oversiktskart over hele Sabme og av Divtasvuodna \/ Tysfjord. I tillegg har vi kart over pitesamisk omr\u00e5de.\u00a0"},"titles":{"main":"S\u00e1bme p\u00e5 kartet!","readMoreButton":"Les mer"},"urls":{"readMore":"\/?id=86295263&Article=230","booking":null},"created":{"date":"06.08.2018","time":"01:33","timestamp":1533511980},"introAllowHtml":false,"hasTicket":false,"extra":null,"hasReadMore":true,"media":{"imageData":{"path":"\/sites\/a\/arran.no\/files\/kunstkart_sabme_1975.jpeg","width":571,"height":464,"aspectRatio":1.230603448275862},"previewImageUrl":"\/sites\/a\/arran.no\/files\/kunstkart_sabme_1975.jpeg?cropToFit=100x59&quality=50","imageVariants":[{"path":"\/sites\/a\/arran.no\/files\/kunstkart_sabme_1975.jpeg?cropToFit=100x59&quality=75","width":100,"height":59,"aspectRatio":1.694915254237288},{"path":"\/sites\/a\/arran.no\/files\/kunstkart_sabme_1975.jpeg?cropToFit=200x118&quality=75","width":200,"height":118,"aspectRatio":1.694915254237288},{"path":"\/sites\/a\/arran.no\/files\/kunstkart_sabme_1975.jpeg?cropToFit=400x235&quality=75","width":400,"height":235,"aspectRatio":1.702127659574468},{"path":"\/sites\/a\/arran.no\/files\/kunstkart_sabme_1975.jpeg?cropToFit=600x353&quality=75","width":571,"height":336,"aspectRatio":1.6994047619047619},{"path":"\/sites\/a\/arran.no\/files\/kunstkart_sabme_1975.jpeg?cropToFit=800x471&quality=75","width":571,"height":336,"aspectRatio":1.6994047619047619},{"path":"\/sites\/a\/arran.no\/files\/kunstkart_sabme_1975.jpeg?cropToFit=1000x588&quality=75","width":571,"height":336,"aspectRatio":1.6994047619047619},{"path":"\/sites\/a\/arran.no\/files\/kunstkart_sabme_1975.jpeg?cropToFit=1200x706&quality=75","width":571,"height":336,"aspectRatio":1.6994047619047619}],"image":"\/sites\/a\/arran.no\/files\/kunstkart_sabme_1975.jpeg","aspect":1.694915254237288,"type":"image","description":null},"additionalData":[]},{"classes":["outercol"],"isFavourite":false,"isExternalUrl":{"articleLink":false},"articleListButtonsData":{"buttonsList":[{"label":"Les mer","url":"\/?id=86295263&Article=202","type":"readmore"}],"mode":"default"},"favouriteType":null,"mnu":null,"section":null,"displayId":true,"docId":202,"identifier":"202Article","docType":"Article","customDate":false,"teaserData":{"teaserText":"Stor glede p\u00e5 \u00c1rran.   \"Vi er r\u00f8rt og glad over \u00e5 motta en slik donasjon\"","mode":"default"},"content":{"teaser":"Stor glede p\u00e5 \u00c1rran.   \"Vi er r\u00f8rt og glad over \u00e5 motta en slik donasjon\"","intro":"Den samiske kunstneren Keviselie\/Elle-H\u00e1nsa\/Hans Ragnar Mathisen (f. 01.07.1945) fra Tromsdalen har donert sin samling av  kunst til \u00c1rran. Totalt omfatter det ca. 15 000 verk, inkludert tusenvis av skisser og tegninger innbundet i b\u00f8ker. \"Vi er r\u00f8rt og glad over \u00e5 motta en slik donasjon\", sier direkt\u00f8r Lars Magne Andreassen.\r\n\r\n\u00c1rran \u00f8nsker velkommen til ei markering torsdag 24.mai kl. 13.00. Hans Ragnar Mathisen vil v\u00e6re tilstede. "},"titles":{"main":"Keviselie\/Elle-H\u00e1nsa\/Hans Ragnar Mathisen til \u00c1rran -lulesamisk senter","readMoreButton":"Les mer"},"urls":{"readMore":"\/?id=86295263&Article=202","booking":null},"created":{"date":"23.05.2018","time":"12:56","timestamp":1527072960},"introAllowHtml":false,"hasTicket":false,"extra":null,"hasReadMore":true,"media":{"imageData":{"path":"\/sites\/a\/arran.no\/files\/1817171471.jpg","width":1800,"height":2400,"aspectRatio":0.75},"previewImageUrl":"\/sites\/a\/arran.no\/files\/1817171471.jpg?cropToFit=100x59&quality=50","imageVariants":[{"path":"\/sites\/a\/arran.no\/files\/1817171471.jpg?cropToFit=100x59&quality=75","width":100,"height":59,"aspectRatio":1.694915254237288},{"path":"\/sites\/a\/arran.no\/files\/1817171471.jpg?cropToFit=200x118&quality=75","width":200,"height":118,"aspectRatio":1.694915254237288},{"path":"\/sites\/a\/arran.no\/files\/1817171471.jpg?cropToFit=400x235&quality=75","width":400,"height":235,"aspectRatio":1.702127659574468},{"path":"\/sites\/a\/arran.no\/files\/1817171471.jpg?cropToFit=600x353&quality=75","width":600,"height":353,"aspectRatio":1.6997167138810199},{"path":"\/sites\/a\/arran.no\/files\/1817171471.jpg?cropToFit=800x471&quality=75","width":800,"height":471,"aspectRatio":1.6985138004246285},{"path":"\/sites\/a\/arran.no\/files\/1817171471.jpg?cropToFit=1000x588&quality=75","width":1000,"height":588,"aspectRatio":1.7006802721088434},{"path":"\/sites\/a\/arran.no\/files\/1817171471.jpg?cropToFit=1200x706&quality=75","width":1200,"height":706,"aspectRatio":1.6997167138810199}],"image":"\/sites\/a\/arran.no\/files\/1817171471.jpg","aspect":1.694915254237288,"type":"image","description":"Keviselie \/ Elle-H\u00e1nsa \/ Hans Ragnar Mathisen"},"additionalData":[]},{"classes":["outercol"],"isFavourite":false,"isExternalUrl":{"articleLink":false},"articleListButtonsData":{"buttonsList":[{"label":"Les mer","url":"\/?id=86295263&Article=201","type":"readmore"}],"mode":"default"},"favouriteType":null,"mnu":null,"section":null,"displayId":true,"docId":201,"identifier":"201Article","docType":"Article","customDate":false,"teaserData":{"teaserText":"Velkommen til \u00e5pning av utstillingen av \u00abD\u00e1iddaeallin \/ Et liv av kunst\u00bb av Keviselie\/Elle-H\u00e1nsa\/Hans Ragnar Mathisen","mode":"default"},"content":{"teaser":"Velkommen til \u00e5pning av utstillingen av \u00abD\u00e1iddaeallin \/ Et liv av kunst\u00bb av Keviselie\/Elle-H\u00e1nsa\/Hans Ragnar Mathisen","intro":"Vi er glade over \u00e5 kunne fortelle at \u00e5rets sommerutstilling  p\u00e5 \u00c1rran er \u00abD\u00e1iddaeallin \/ Et liv av kunst\u00bb av Keviselie\/Elle-H\u00e1nsa\/Hans Ragnar Mathisen. Utstillingen \u00e5pner torsdag 24.mai kl 14.00. Velkommen!"},"titles":{"main":"\u00abD\u00e1iddaeallin \/ Et liv av kunst\u00bb av Keviselie\/Elle-H\u00e1nsa\/Hans Ragnar Mathisen","readMoreButton":"Les mer"},"urls":{"readMore":"\/?id=86295263&Article=201","booking":null},"created":{"date":"18.05.2018","time":"15:12","timestamp":1526649120},"introAllowHtml":false,"hasTicket":false,"extra":null,"hasReadMore":true,"media":{"imageData":{"path":"\/sites\/a\/arran.no\/files\/hr.jpg","width":2500,"height":1264,"aspectRatio":1.9778481012658229},"previewImageUrl":"\/sites\/a\/arran.no\/files\/hr.jpg?cropToFit=100x59&quality=50","imageVariants":[{"path":"\/sites\/a\/arran.no\/files\/hr.jpg?cropToFit=100x59&quality=75","width":100,"height":59,"aspectRatio":1.694915254237288},{"path":"\/sites\/a\/arran.no\/files\/hr.jpg?cropToFit=200x118&quality=75","width":200,"height":118,"aspectRatio":1.694915254237288},{"path":"\/sites\/a\/arran.no\/files\/hr.jpg?cropToFit=400x235&quality=75","width":400,"height":235,"aspectRatio":1.702127659574468},{"path":"\/sites\/a\/arran.no\/files\/hr.jpg?cropToFit=600x353&quality=75","width":600,"height":353,"aspectRatio":1.6997167138810199},{"path":"\/sites\/a\/arran.no\/files\/hr.jpg?cropToFit=800x471&quality=75","width":800,"height":471,"aspectRatio":1.6985138004246285},{"path":"\/sites\/a\/arran.no\/files\/hr.jpg?cropToFit=1000x588&quality=75","width":1000,"height":588,"aspectRatio":1.7006802721088434},{"path":"\/sites\/a\/arran.no\/files\/hr.jpg?cropToFit=1200x706&quality=75","width":1200,"height":706,"aspectRatio":1.6997167138810199}],"image":"\/sites\/a\/arran.no\/files\/hr.jpg","aspect":1.694915254237288,"type":"image","description":null},"additionalData":[]}],"pages":[1],"currentPage":1,"sections":[]}