{"articles":[{"classes":["outercol"],"isFavourite":false,"isExternalUrl":{"articleLink":false},"articleListButtonsData":{"buttonsList":[{"label":"Les mer","url":"\/?id=663053495&Article=2303","type":"readmore"}],"mode":"default"},"favouriteType":null,"mnu":null,"section":null,"displayId":true,"docId":2303,"identifier":"2303Article","docType":"Article","customDate":false,"teaserData":{"teaserText":"","mode":"default"},"content":{"teaser":"","intro":"I to episoder kan du h\u00f8re \u00c1rrans seniorr\u00e5dgiver Harrieth Aira samtale med Ingjerd Hansen, nestleder p\u00e5 Likestillingssenteret KUN om lulesamiske kvinners samfunnsdeltakelse. \r\n\r\n"},"titles":{"main":"Lytt til Likestillingssenteret KUN sin podkast om Samfunnsdeltakelse blant lulesamiske kvinner ","readMoreButton":"Les mer"},"urls":{"readMore":"\/?id=663053495&Article=2303","booking":null},"created":{"date":"20.04.2023","time":"08:44","timestamp":1681973040},"introAllowHtml":false,"hasTicket":false,"extra":null,"hasReadMore":true,"media":{"imageData":{"path":"\/sites\/a\/arran.no\/files\/foto_meg_b__rd_eriksen_fotograf.jpg","width":4032,"height":1816,"aspectRatio":2.2202643171806167},"previewImageUrl":"\/sites\/a\/arran.no\/files\/foto_meg_b__rd_eriksen_fotograf.jpg?cropToFit=100x59&quality=50","imageVariants":[{"path":"\/sites\/a\/arran.no\/files\/foto_meg_b__rd_eriksen_fotograf.jpg?cropToFit=100x59&quality=75","width":100,"height":59,"aspectRatio":1.694915254237288},{"path":"\/sites\/a\/arran.no\/files\/foto_meg_b__rd_eriksen_fotograf.jpg?cropToFit=200x118&quality=75","width":200,"height":118,"aspectRatio":1.694915254237288},{"path":"\/sites\/a\/arran.no\/files\/foto_meg_b__rd_eriksen_fotograf.jpg?cropToFit=400x235&quality=75","width":400,"height":235,"aspectRatio":1.702127659574468},{"path":"\/sites\/a\/arran.no\/files\/foto_meg_b__rd_eriksen_fotograf.jpg?cropToFit=600x353&quality=75","width":600,"height":353,"aspectRatio":1.6997167138810199},{"path":"\/sites\/a\/arran.no\/files\/foto_meg_b__rd_eriksen_fotograf.jpg?cropToFit=800x471&quality=75","width":800,"height":471,"aspectRatio":1.6985138004246285},{"path":"\/sites\/a\/arran.no\/files\/foto_meg_b__rd_eriksen_fotograf.jpg?cropToFit=1000x588&quality=75","width":1000,"height":588,"aspectRatio":1.7006802721088434},{"path":"\/sites\/a\/arran.no\/files\/foto_meg_b__rd_eriksen_fotograf.jpg?cropToFit=1200x706&quality=75","width":1200,"height":706,"aspectRatio":1.6997167138810199}],"image":"\/sites\/a\/arran.no\/files\/foto_meg_b__rd_eriksen_fotograf.jpg","aspect":1.694915254237288,"type":"image","description":null},"additionalData":[]},{"classes":["outercol"],"isFavourite":false,"isExternalUrl":{"articleLink":false},"articleListButtonsData":{"buttonsList":[{"label":"Les mer","url":"\/?id=663053495&Article=1371","type":"readmore"}],"mode":"default"},"favouriteType":null,"mnu":null,"section":null,"displayId":true,"docId":1371,"identifier":"1371Article","docType":"Article","customDate":false,"teaserData":{"teaserText":"","mode":"default"},"content":{"teaser":"","intro":"Det har v\u00e6rt stor interesse for boka \"Samiske kvinners samfunnsdeltakelse. En studie av lulesamiske kvinners medborgerskap. "},"titles":{"main":"Bokomtale i media","readMoreButton":"Les mer"},"urls":{"readMore":"\/?id=663053495&Article=1371","booking":null},"created":{"date":"17.02.2023","time":"13:18","timestamp":1676636280},"introAllowHtml":false,"hasTicket":false,"extra":null,"hasReadMore":true,"media":{"imageData":{"path":"\/sites\/a\/arran.no\/files\/foto_til_nettart.jpg","width":3024,"height":4032,"aspectRatio":0.75},"previewImageUrl":"\/sites\/a\/arran.no\/files\/foto_til_nettart.jpg?cropToFit=100x59&quality=50","imageVariants":[{"path":"\/sites\/a\/arran.no\/files\/foto_til_nettart.jpg?cropToFit=100x59&quality=75","width":100,"height":59,"aspectRatio":1.694915254237288},{"path":"\/sites\/a\/arran.no\/files\/foto_til_nettart.jpg?cropToFit=200x118&quality=75","width":200,"height":118,"aspectRatio":1.694915254237288},{"path":"\/sites\/a\/arran.no\/files\/foto_til_nettart.jpg?cropToFit=400x235&quality=75","width":400,"height":235,"aspectRatio":1.702127659574468},{"path":"\/sites\/a\/arran.no\/files\/foto_til_nettart.jpg?cropToFit=600x353&quality=75","width":600,"height":353,"aspectRatio":1.6997167138810199},{"path":"\/sites\/a\/arran.no\/files\/foto_til_nettart.jpg?cropToFit=800x471&quality=75","width":800,"height":471,"aspectRatio":1.6985138004246285},{"path":"\/sites\/a\/arran.no\/files\/foto_til_nettart.jpg?cropToFit=1000x588&quality=75","width":1000,"height":588,"aspectRatio":1.7006802721088434},{"path":"\/sites\/a\/arran.no\/files\/foto_til_nettart.jpg?cropToFit=1200x706&quality=75","width":1200,"height":706,"aspectRatio":1.6997167138810199}],"image":"\/sites\/a\/arran.no\/files\/foto_til_nettart.jpg","aspect":1.694915254237288,"type":"image","description":null},"additionalData":[]},{"classes":["outercol"],"isFavourite":false,"isExternalUrl":{"articleLink":false},"articleListButtonsData":{"buttonsList":[{"label":"Les mer","url":"\/?id=663053495&Article=194","type":"readmore"}],"mode":"default"},"favouriteType":null,"mnu":null,"section":null,"displayId":true,"docId":194,"identifier":"194Article","docType":"Article","customDate":false,"teaserData":{"teaserText":"kvinner, kvinnedagen, 8. mars, B\u00e5rj\u00e5s, \u00c1rran","mode":"default"},"content":{"teaser":"kvinner, kvinnedagen, 8. mars, B\u00e5rj\u00e5s, \u00c1rran","intro":"\u00c1rran publiserer B\u00e5rj\u00e5s-artikler om samiske kvinner, i anledning 8. mars ."},"titles":{"main":"Samiske kvinner i B\u00e5rj\u00e5s","readMoreButton":"Les mer"},"urls":{"readMore":"\/?id=663053495&Article=194","booking":null},"created":{"date":"08.03.2018","time":"14:23","timestamp":1520515380},"introAllowHtml":false,"hasTicket":false,"extra":null,"hasReadMore":true,"media":{"imageData":{"path":"\/sites\/a\/arran.no\/files\/elsa_laula_crp.jpg","width":794,"height":588,"aspectRatio":1.3503401360544218},"previewImageUrl":"\/sites\/a\/arran.no\/files\/elsa_laula_crp.jpg?cropToFit=100x59&quality=50","imageVariants":[{"path":"\/sites\/a\/arran.no\/files\/elsa_laula_crp.jpg?cropToFit=100x59&quality=75","width":100,"height":59,"aspectRatio":1.694915254237288},{"path":"\/sites\/a\/arran.no\/files\/elsa_laula_crp.jpg?cropToFit=200x118&quality=75","width":200,"height":118,"aspectRatio":1.694915254237288},{"path":"\/sites\/a\/arran.no\/files\/elsa_laula_crp.jpg?cropToFit=400x235&quality=75","width":400,"height":235,"aspectRatio":1.702127659574468},{"path":"\/sites\/a\/arran.no\/files\/elsa_laula_crp.jpg?cropToFit=600x353&quality=75","width":600,"height":353,"aspectRatio":1.6997167138810199},{"path":"\/sites\/a\/arran.no\/files\/elsa_laula_crp.jpg?cropToFit=800x471&quality=75","width":794,"height":467,"aspectRatio":1.7002141327623126},{"path":"\/sites\/a\/arran.no\/files\/elsa_laula_crp.jpg?cropToFit=1000x588&quality=75","width":794,"height":467,"aspectRatio":1.7002141327623126},{"path":"\/sites\/a\/arran.no\/files\/elsa_laula_crp.jpg?cropToFit=1200x706&quality=75","width":794,"height":467,"aspectRatio":1.7002141327623126}],"image":"\/sites\/a\/arran.no\/files\/elsa_laula_crp.jpg","aspect":1.694915254237288,"type":"image","description":null},"additionalData":[]},{"classes":["outercol"],"isFavourite":false,"isExternalUrl":{"articleLink":false},"articleListButtonsData":{"buttonsList":[{"label":"Les mer","url":"\/?id=663053495&Article=142","type":"readmore"}],"mode":"default"},"favouriteType":null,"mnu":null,"section":null,"displayId":true,"docId":142,"identifier":"142Article","docType":"Article","customDate":false,"teaserData":{"teaserText":"","mode":"default"},"content":{"teaser":"","intro":"En artikkel i B\u00e5rj\u00e5s 2016 om samisk kvinnehistorie.\r\n"},"titles":{"main":"Samisk kvinnehistorie - #MuseumWeek2017","readMoreButton":"Les mer"},"urls":{"readMore":"\/?id=663053495&Article=142","booking":null},"created":{"date":"22.06.2017","time":"14:01","timestamp":1498132860},"introAllowHtml":false,"hasTicket":false,"extra":null,"hasReadMore":true,"media":{"imageData":{"path":"\/sites\/a\/arran.no\/files\/rran_musea.jpg","width":2500,"height":1662,"aspectRatio":1.5042117930204573},"previewImageUrl":"\/sites\/a\/arran.no\/files\/rran_musea.jpg?cropToFit=100x59&quality=50","imageVariants":[{"path":"\/sites\/a\/arran.no\/files\/rran_musea.jpg?cropToFit=100x59&quality=75","width":100,"height":59,"aspectRatio":1.694915254237288},{"path":"\/sites\/a\/arran.no\/files\/rran_musea.jpg?cropToFit=200x118&quality=75","width":200,"height":118,"aspectRatio":1.694915254237288},{"path":"\/sites\/a\/arran.no\/files\/rran_musea.jpg?cropToFit=400x235&quality=75","width":400,"height":235,"aspectRatio":1.702127659574468},{"path":"\/sites\/a\/arran.no\/files\/rran_musea.jpg?cropToFit=600x353&quality=75","width":600,"height":353,"aspectRatio":1.6997167138810199},{"path":"\/sites\/a\/arran.no\/files\/rran_musea.jpg?cropToFit=800x471&quality=75","width":800,"height":471,"aspectRatio":1.6985138004246285},{"path":"\/sites\/a\/arran.no\/files\/rran_musea.jpg?cropToFit=1000x588&quality=75","width":1000,"height":588,"aspectRatio":1.7006802721088434},{"path":"\/sites\/a\/arran.no\/files\/rran_musea.jpg?cropToFit=1200x706&quality=75","width":1200,"height":706,"aspectRatio":1.6997167138810199}],"image":"\/sites\/a\/arran.no\/files\/rran_musea.jpg","aspect":1.694915254237288,"type":"image","description":null},"additionalData":[]},{"classes":["outercol"],"isFavourite":false,"isExternalUrl":{"articleLink":false},"articleListButtonsData":{"buttonsList":[{"label":"Les mer","url":"\/?id=663053495&Article=1139","type":"readmore"}],"mode":"default"},"favouriteType":null,"mnu":null,"section":null,"displayId":true,"docId":1139,"identifier":"1139Article","docType":"Article","customDate":false,"teaserData":{"teaserText":"","mode":"default"},"content":{"teaser":"","intro":"Velkommen til boklansering 6. februar kl. 13.30 p\u00e5 \u00c1rran, auditoriet, Drag. \r\n\r\nSjette februar 1917 samlet Elsa Laula Renberg og andre samekvinner samene til det f\u00f8rste samepolitiske landsm\u00f8tet i Trondheim. Sjette februar i \u00e5r, 106 \u00e5r etter, inviterer vi til boklansering, ikke om Elsa Laula Renberg, men om en annen samisk kvinnegruppe som vi sjelden h\u00f8rer noe om, \u2013 lulesamiske kvinner."},"titles":{"main":"Bok: Samiske kvinner og samfunnsdeltakelse ","readMoreButton":"Les mer"},"urls":{"readMore":"\/?id=663053495&Article=1139","booking":null},"created":{"date":"19.01.2023","time":"11:47","timestamp":1674125220},"introAllowHtml":false,"hasTicket":false,"extra":null,"hasReadMore":true,"media":{"imageData":{"path":"\/sites\/a\/arran.no\/files\/cover1.jpg","width":2073,"height":2907,"aspectRatio":0.7131062951496389},"previewImageUrl":"\/sites\/a\/arran.no\/files\/cover1.jpg?cropToFit=100x59&quality=50","imageVariants":[{"path":"\/sites\/a\/arran.no\/files\/cover1.jpg?cropToFit=100x59&quality=75","width":100,"height":59,"aspectRatio":1.694915254237288},{"path":"\/sites\/a\/arran.no\/files\/cover1.jpg?cropToFit=200x118&quality=75","width":200,"height":118,"aspectRatio":1.694915254237288},{"path":"\/sites\/a\/arran.no\/files\/cover1.jpg?cropToFit=400x235&quality=75","width":400,"height":235,"aspectRatio":1.702127659574468},{"path":"\/sites\/a\/arran.no\/files\/cover1.jpg?cropToFit=600x353&quality=75","width":600,"height":353,"aspectRatio":1.6997167138810199},{"path":"\/sites\/a\/arran.no\/files\/cover1.jpg?cropToFit=800x471&quality=75","width":800,"height":471,"aspectRatio":1.6985138004246285},{"path":"\/sites\/a\/arran.no\/files\/cover1.jpg?cropToFit=1000x588&quality=75","width":1000,"height":588,"aspectRatio":1.7006802721088434},{"path":"\/sites\/a\/arran.no\/files\/cover1.jpg?cropToFit=1200x706&quality=75","width":1200,"height":706,"aspectRatio":1.6997167138810199}],"image":"\/sites\/a\/arran.no\/files\/cover1.jpg","aspect":1.694915254237288,"type":"image","description":null},"additionalData":[]},{"classes":["outercol"],"isFavourite":false,"isExternalUrl":{"articleLink":false},"articleListButtonsData":{"buttonsList":[{"label":"Les mer","url":"\/?id=663053495&Article=684","type":"readmore"}],"mode":"default"},"favouriteType":null,"mnu":null,"section":null,"displayId":true,"docId":684,"identifier":"684Article","docType":"Article","customDate":false,"teaserData":{"teaserText":"Samiske kvinner","mode":"default"},"content":{"teaser":"Samiske kvinner","intro":"Prosjektet \u00abSamiske kvinner\u00bb er en del av \u00c1rrans dokumentasjon- og forskning p\u00e5 samtidshistorien i v\u00e5r region.\r\n\r\n"},"titles":{"main":"Samiske kvinner","readMoreButton":"Les mer"},"urls":{"readMore":"\/?id=663053495&Article=684","booking":null},"created":{"date":"17.10.2022","time":"14:01","timestamp":1666008060},"introAllowHtml":false,"hasTicket":false,"extra":null,"hasReadMore":true,"media":{"imageData":{"path":"\/sites\/a\/arran.no\/files\/gahper_400x2591_p__ivi_alanen.jpg","width":400,"height":259,"aspectRatio":1.5444015444015444},"previewImageUrl":"\/sites\/a\/arran.no\/files\/gahper_400x2591_p__ivi_alanen.jpg?cropToFit=100x59&quality=50","imageVariants":[{"path":"\/sites\/a\/arran.no\/files\/gahper_400x2591_p__ivi_alanen.jpg?cropToFit=100x59&quality=75","width":100,"height":59,"aspectRatio":1.694915254237288},{"path":"\/sites\/a\/arran.no\/files\/gahper_400x2591_p__ivi_alanen.jpg?cropToFit=200x118&quality=75","width":200,"height":118,"aspectRatio":1.694915254237288},{"path":"\/sites\/a\/arran.no\/files\/gahper_400x2591_p__ivi_alanen.jpg?cropToFit=400x235&quality=75","width":400,"height":235,"aspectRatio":1.702127659574468},{"path":"\/sites\/a\/arran.no\/files\/gahper_400x2591_p__ivi_alanen.jpg?cropToFit=600x353&quality=75","width":400,"height":235,"aspectRatio":1.702127659574468},{"path":"\/sites\/a\/arran.no\/files\/gahper_400x2591_p__ivi_alanen.jpg?cropToFit=800x471&quality=75","width":400,"height":236,"aspectRatio":1.694915254237288},{"path":"\/sites\/a\/arran.no\/files\/gahper_400x2591_p__ivi_alanen.jpg?cropToFit=1000x588&quality=75","width":400,"height":235,"aspectRatio":1.702127659574468},{"path":"\/sites\/a\/arran.no\/files\/gahper_400x2591_p__ivi_alanen.jpg?cropToFit=1200x706&quality=75","width":400,"height":235,"aspectRatio":1.702127659574468}],"image":"\/sites\/a\/arran.no\/files\/gahper_400x2591_p__ivi_alanen.jpg","aspect":1.694915254237288,"type":"image","description":null},"additionalData":[]},{"classes":["outercol"],"isFavourite":false,"isExternalUrl":{"articleLink":false},"articleListButtonsData":{"buttonsList":[{"label":"Les mer","url":"\/?id=663053495&Article=277","type":"readmore"}],"mode":"default"},"favouriteType":null,"mnu":null,"section":null,"displayId":true,"docId":277,"identifier":"277Article","docType":"Article","customDate":false,"teaserData":{"teaserText":"l\u00e6stadianismen.kvinner","mode":"default"},"content":{"teaser":"l\u00e6stadianismen.kvinner","intro":"Lis Mari Hjortfors arbeider som etnolog\/forsker ved \u00c1rran lulesamisk senter\/museum. I anledning 8. mars 2019 presenterer vi et foredrag  som ble tatt opp og publisert 8 mars 2017 p\u00e5 V\u00e4sterbottens museum. Arrang\u00f6r: Vaartoe - Centrum f\u00f6r samisk forskning."},"titles":{"main":"Kvinnor och l\u00e6stadianismen","readMoreButton":"Les mer"},"urls":{"readMore":"\/?id=663053495&Article=277","booking":null},"created":{"date":"07.03.2019","time":"23:50","timestamp":1551999000},"introAllowHtml":false,"hasTicket":false,"extra":null,"hasReadMore":true,"media":{"imageData":{"path":"\/sites\/a\/arran.no\/files\/lis_mari_hjortfors.jpg","width":767,"height":509,"aspectRatio":1.506876227897839},"previewImageUrl":"\/sites\/a\/arran.no\/files\/lis_mari_hjortfors.jpg?cropToFit=100x59&quality=50","imageVariants":[{"path":"\/sites\/a\/arran.no\/files\/lis_mari_hjortfors.jpg?cropToFit=100x59&quality=75","width":100,"height":59,"aspectRatio":1.694915254237288},{"path":"\/sites\/a\/arran.no\/files\/lis_mari_hjortfors.jpg?cropToFit=200x118&quality=75","width":200,"height":118,"aspectRatio":1.694915254237288},{"path":"\/sites\/a\/arran.no\/files\/lis_mari_hjortfors.jpg?cropToFit=400x235&quality=75","width":400,"height":235,"aspectRatio":1.702127659574468},{"path":"\/sites\/a\/arran.no\/files\/lis_mari_hjortfors.jpg?cropToFit=600x353&quality=75","width":600,"height":353,"aspectRatio":1.6997167138810199},{"path":"\/sites\/a\/arran.no\/files\/lis_mari_hjortfors.jpg?cropToFit=800x471&quality=75","width":767,"height":452,"aspectRatio":1.6969026548672566},{"path":"\/sites\/a\/arran.no\/files\/lis_mari_hjortfors.jpg?cropToFit=1000x588&quality=75","width":767,"height":451,"aspectRatio":1.7006651884700665},{"path":"\/sites\/a\/arran.no\/files\/lis_mari_hjortfors.jpg?cropToFit=1200x706&quality=75","width":767,"height":451,"aspectRatio":1.7006651884700665}],"image":"\/sites\/a\/arran.no\/files\/lis_mari_hjortfors.jpg","aspect":1.694915254237288,"type":"image","description":null},"additionalData":[]}],"pages":[1],"currentPage":1,"sections":[]}