{"articles":[{"classes":["outercol"],"isFavourite":false,"isExternalUrl":{"articleLink":false},"articleListButtonsData":{"buttonsList":[{"label":"Les mer","url":"\/?id=484690786&Article=24960","type":"readmore"}],"mode":"default"},"favouriteType":null,"mnu":null,"section":null,"displayId":true,"docId":24960,"identifier":"24960Article","docType":"Article","customDate":false,"teaserData":{"teaserText":"","mode":"default"},"content":{"teaser":"","intro":"Her om dagen kom Astrid Eliassen en tur p\u00e5 \u00c1rran. Hun kom med en gave til \u00c1rran. Det var den kjente flyktningelosen, Anna Pedersen sin gijss\u00e1 (kiste) som hun hadde med seg. \r\n\r\nGiveren vil at Annas gijss\u00e1 (kiste) skal v\u00e6re p\u00e5 \u00c1rran sammen med de andre gjenstandene som kommer fra Annas hjem, og som n\u00e5 er p\u00e5 museet p\u00e5 \u00c1rran.\r\n"},"titles":{"main":"Anna sin gijss\u00e1 bevares p\u00e5 \u00c1rran","readMoreButton":"Les mer"},"urls":{"readMore":"\/?id=484690786&Article=24960","booking":null},"created":{"date":"22.10.2025","time":"10:38","timestamp":1761122280},"introAllowHtml":false,"hasTicket":false,"extra":null,"hasReadMore":true,"media":{"imageData":{"path":"\/sites\/a\/arran.no\/files\/2025\/10\/gijss___1.jpg","width":3008,"height":2000,"aspectRatio":1.504},"previewImageUrl":"\/sites\/a\/arran.no\/files\/2025\/10\/gijss___1.jpg?cropToFit=100x59&quality=50","imageVariants":[{"path":"\/sites\/a\/arran.no\/files\/2025\/10\/gijss___1.jpg?cropToFit=100x59&quality=75","width":100,"height":59,"aspectRatio":1.694915254237288},{"path":"\/sites\/a\/arran.no\/files\/2025\/10\/gijss___1.jpg?cropToFit=200x118&quality=75","width":200,"height":118,"aspectRatio":1.694915254237288},{"path":"\/sites\/a\/arran.no\/files\/2025\/10\/gijss___1.jpg?cropToFit=400x235&quality=75","width":400,"height":235,"aspectRatio":1.702127659574468},{"path":"\/sites\/a\/arran.no\/files\/2025\/10\/gijss___1.jpg?cropToFit=600x353&quality=75","width":600,"height":353,"aspectRatio":1.6997167138810199},{"path":"\/sites\/a\/arran.no\/files\/2025\/10\/gijss___1.jpg?cropToFit=800x471&quality=75","width":800,"height":471,"aspectRatio":1.6985138004246285},{"path":"\/sites\/a\/arran.no\/files\/2025\/10\/gijss___1.jpg?cropToFit=1000x588&quality=75","width":1000,"height":588,"aspectRatio":1.7006802721088434},{"path":"\/sites\/a\/arran.no\/files\/2025\/10\/gijss___1.jpg?cropToFit=1200x706&quality=75","width":1200,"height":706,"aspectRatio":1.6997167138810199}],"image":"\/sites\/a\/arran.no\/files\/2025\/10\/gijss___1.jpg","aspect":1.694915254237288,"type":"image","description":null},"additionalData":[]},{"classes":["outercol"],"isFavourite":false,"isExternalUrl":{"articleLink":false},"articleListButtonsData":{"buttonsList":[{"label":"Les mer","url":"\/?id=484690786&Article=2777","type":"readmore"}],"mode":"default"},"favouriteType":null,"mnu":null,"section":null,"displayId":true,"docId":2777,"identifier":"2777Article","docType":"Article","customDate":false,"teaserData":{"teaserText":"","mode":"default"},"content":{"teaser":"","intro":"Denne uka p\u00e5g\u00e5r Kulturminnedagene 2023. I den forbindelse publiseres \u00c1rrans museumssamling p\u00e5 DigitaltMuseum."},"titles":{"main":"Kulturminnedagene 2023 \u2013 \u00c1rran publiserer p\u00e5 DigitaltMuseum","readMoreButton":"Les mer"},"urls":{"readMore":"\/?id=484690786&Article=2777","booking":null},"created":{"date":"05.09.2023","time":"11:23","timestamp":1693905780},"introAllowHtml":false,"hasTicket":false,"extra":null,"hasReadMore":true,"media":{"imageData":{"path":"\/sites\/a\/arran.no\/files\/barkavuossa.jpg","width":1200,"height":800,"aspectRatio":1.5},"previewImageUrl":"\/sites\/a\/arran.no\/files\/barkavuossa.jpg?cropToFit=100x59&quality=50","imageVariants":[{"path":"\/sites\/a\/arran.no\/files\/barkavuossa.jpg?cropToFit=100x59&quality=75","width":100,"height":59,"aspectRatio":1.694915254237288},{"path":"\/sites\/a\/arran.no\/files\/barkavuossa.jpg?cropToFit=200x118&quality=75","width":200,"height":118,"aspectRatio":1.694915254237288},{"path":"\/sites\/a\/arran.no\/files\/barkavuossa.jpg?cropToFit=400x235&quality=75","width":400,"height":235,"aspectRatio":1.702127659574468},{"path":"\/sites\/a\/arran.no\/files\/barkavuossa.jpg?cropToFit=600x353&quality=75","width":600,"height":353,"aspectRatio":1.6997167138810199},{"path":"\/sites\/a\/arran.no\/files\/barkavuossa.jpg?cropToFit=800x471&quality=75","width":800,"height":471,"aspectRatio":1.6985138004246285},{"path":"\/sites\/a\/arran.no\/files\/barkavuossa.jpg?cropToFit=1000x588&quality=75","width":1000,"height":588,"aspectRatio":1.7006802721088434},{"path":"\/sites\/a\/arran.no\/files\/barkavuossa.jpg?cropToFit=1200x706&quality=75","width":1200,"height":706,"aspectRatio":1.6997167138810199}],"image":"\/sites\/a\/arran.no\/files\/barkavuossa.jpg","aspect":1.694915254237288,"type":"image","description":"Produsent: Jenny Johnsen S\u00f8berg"},"additionalData":[]},{"classes":["outercol"],"isFavourite":false,"isExternalUrl":{"articleLink":false},"articleListButtonsData":{"buttonsList":[{"label":"Les mer","url":"\/?id=484690786&Article=2964","type":"readmore"}],"mode":"default"},"favouriteType":null,"mnu":null,"section":null,"displayId":true,"docId":2964,"identifier":"2964Article","docType":"Article","customDate":false,"teaserData":{"teaserText":"","mode":"default"},"content":{"teaser":"","intro":"Alt om B\u00e5\u00e5stede-prosjektet kan du lese her"},"titles":{"main":"Alt om B\u00e5\u00e5stede-prosjektet ","readMoreButton":"Les mer"},"urls":{"readMore":"\/?id=484690786&Article=2964","booking":null},"created":{"date":"29.09.2023","time":"15:55","timestamp":1695995700},"introAllowHtml":false,"hasTicket":false,"extra":null,"hasReadMore":true,"media":{"imageData":{"path":"\/sites\/a\/arran.no\/files\/b3_2.JPG","width":4032,"height":3024,"aspectRatio":1.3333333333333333},"previewImageUrl":"\/sites\/a\/arran.no\/files\/b3_2.JPG?cropToFit=100x59&quality=50","imageVariants":[{"path":"\/sites\/a\/arran.no\/files\/b3_2.JPG?cropToFit=100x59&quality=75","width":100,"height":59,"aspectRatio":1.694915254237288},{"path":"\/sites\/a\/arran.no\/files\/b3_2.JPG?cropToFit=200x118&quality=75","width":200,"height":118,"aspectRatio":1.694915254237288},{"path":"\/sites\/a\/arran.no\/files\/b3_2.JPG?cropToFit=400x235&quality=75","width":400,"height":235,"aspectRatio":1.702127659574468},{"path":"\/sites\/a\/arran.no\/files\/b3_2.JPG?cropToFit=600x353&quality=75","width":600,"height":353,"aspectRatio":1.6997167138810199},{"path":"\/sites\/a\/arran.no\/files\/b3_2.JPG?cropToFit=800x471&quality=75","width":800,"height":471,"aspectRatio":1.6985138004246285},{"path":"\/sites\/a\/arran.no\/files\/b3_2.JPG?cropToFit=1000x588&quality=75","width":1000,"height":588,"aspectRatio":1.7006802721088434},{"path":"\/sites\/a\/arran.no\/files\/b3_2.JPG?cropToFit=1200x706&quality=75","width":1200,"height":706,"aspectRatio":1.6997167138810199}],"image":"\/sites\/a\/arran.no\/files\/b3_2.JPG","aspect":1.694915254237288,"type":"image","description":null},"additionalData":[]},{"classes":["outercol"],"isFavourite":false,"isExternalUrl":{"articleLink":false},"articleListButtonsData":{"buttonsList":[{"label":"Les mer","url":"https:\/\/arran.no\/baastede","type":"readmore"}],"mode":"default"},"favouriteType":null,"mnu":null,"section":null,"displayId":true,"docId":2113,"identifier":"2113Article","docType":"Article","customDate":false,"teaserData":{"teaserText":"Til B\u00e5\u00e5stede ","mode":"default"},"content":{"teaser":"Til B\u00e5\u00e5stede ","intro":"\r\n"},"titles":{"main":"Til B\u00e5\u00e5stede","readMoreButton":"Les mer"},"urls":{"readMore":"https:\/\/arran.no\/baastede","booking":null},"created":{"date":"07.04.2023","time":"14:24","timestamp":1680870263},"introAllowHtml":false,"hasTicket":false,"extra":null,"hasReadMore":true,"media":{"imageData":{"path":"\/sites\/a\/arran.no\/files\/baaaastede_forside.jpg","width":1350,"height":1800,"aspectRatio":0.75},"previewImageUrl":"\/sites\/a\/arran.no\/files\/baaaastede_forside.jpg?cropToFit=100x59&quality=50","imageVariants":[{"path":"\/sites\/a\/arran.no\/files\/baaaastede_forside.jpg?cropToFit=100x59&quality=75","width":100,"height":59,"aspectRatio":1.694915254237288},{"path":"\/sites\/a\/arran.no\/files\/baaaastede_forside.jpg?cropToFit=200x118&quality=75","width":200,"height":118,"aspectRatio":1.694915254237288},{"path":"\/sites\/a\/arran.no\/files\/baaaastede_forside.jpg?cropToFit=400x235&quality=75","width":400,"height":235,"aspectRatio":1.702127659574468},{"path":"\/sites\/a\/arran.no\/files\/baaaastede_forside.jpg?cropToFit=600x353&quality=75","width":600,"height":353,"aspectRatio":1.6997167138810199},{"path":"\/sites\/a\/arran.no\/files\/baaaastede_forside.jpg?cropToFit=800x471&quality=75","width":800,"height":471,"aspectRatio":1.6985138004246285},{"path":"\/sites\/a\/arran.no\/files\/baaaastede_forside.jpg?cropToFit=1000x588&quality=75","width":1000,"height":588,"aspectRatio":1.7006802721088434},{"path":"\/sites\/a\/arran.no\/files\/baaaastede_forside.jpg?cropToFit=1200x706&quality=75","width":1200,"height":706,"aspectRatio":1.6997167138810199}],"image":"\/sites\/a\/arran.no\/files\/baaaastede_forside.jpg","aspect":1.694915254237288,"type":"image","description":"K\u00e1ren Elle Gaup, Inger Jensen og Leif Pareli er redakt\u00f8rer. "},"additionalData":[]},{"classes":["outercol"],"isFavourite":false,"isExternalUrl":{"articleLink":false},"articleListButtonsData":{"buttonsList":[{"label":"Les mer","url":"\/?id=484690786&Article=464","type":"readmore"}],"mode":"default"},"favouriteType":null,"mnu":null,"section":null,"displayId":true,"docId":464,"identifier":"464Article","docType":"Article","customDate":false,"teaserData":{"teaserText":"","mode":"default"},"content":{"teaser":"","intro":"Kurs i forebyggende konservering gjennomf\u00f8rt p\u00e5 \u00c1rran."},"titles":{"main":"Kompetanseheving blant museumsansatte","readMoreButton":"Les mer"},"urls":{"readMore":"\/?id=484690786&Article=464","booking":null},"created":{"date":"29.09.2021","time":"10:04","timestamp":1632902640},"introAllowHtml":false,"hasTicket":false,"extra":null,"hasReadMore":true,"media":{"imageData":{"path":"\/sites\/a\/arran.no\/files\/kurs_i_preventiv_konservering2.jpg","width":1816,"height":1737,"aspectRatio":1.0454807138744961},"previewImageUrl":"\/sites\/a\/arran.no\/files\/kurs_i_preventiv_konservering2.jpg?cropToFit=100x59&quality=50","imageVariants":[{"path":"\/sites\/a\/arran.no\/files\/kurs_i_preventiv_konservering2.jpg?cropToFit=100x59&quality=75","width":100,"height":59,"aspectRatio":1.694915254237288},{"path":"\/sites\/a\/arran.no\/files\/kurs_i_preventiv_konservering2.jpg?cropToFit=200x118&quality=75","width":200,"height":118,"aspectRatio":1.694915254237288},{"path":"\/sites\/a\/arran.no\/files\/kurs_i_preventiv_konservering2.jpg?cropToFit=400x235&quality=75","width":400,"height":235,"aspectRatio":1.702127659574468},{"path":"\/sites\/a\/arran.no\/files\/kurs_i_preventiv_konservering2.jpg?cropToFit=600x353&quality=75","width":600,"height":353,"aspectRatio":1.6997167138810199},{"path":"\/sites\/a\/arran.no\/files\/kurs_i_preventiv_konservering2.jpg?cropToFit=800x471&quality=75","width":800,"height":471,"aspectRatio":1.6985138004246285},{"path":"\/sites\/a\/arran.no\/files\/kurs_i_preventiv_konservering2.jpg?cropToFit=1000x588&quality=75","width":1000,"height":588,"aspectRatio":1.7006802721088434},{"path":"\/sites\/a\/arran.no\/files\/kurs_i_preventiv_konservering2.jpg?cropToFit=1200x706&quality=75","width":1200,"height":706,"aspectRatio":1.6997167138810199}],"image":"\/sites\/a\/arran.no\/files\/kurs_i_preventiv_konservering2.jpg","aspect":1.694915254237288,"type":"image","description":"Kursdeltakerne"},"additionalData":[]},{"classes":["outercol"],"isFavourite":false,"isExternalUrl":{"articleLink":false},"articleListButtonsData":{"buttonsList":[{"label":"Les mer","url":"\/?id=484690786&Article=261","type":"readmore"}],"mode":"default"},"favouriteType":null,"mnu":null,"section":null,"displayId":true,"docId":261,"identifier":"261Article","docType":"Article","customDate":false,"teaserData":{"teaserText":"","mode":"default"},"content":{"teaser":"","intro":"Flere av artiklene omhandler samiske gjenstander og duodje som presentasjonen av B\u00e5\u00e5stede-prosjektet og gjenstandene som tilbakef\u00f8res fra Norsk folkemuseum til \u00c1rran, om Skjoldehamndrakten og sp\u00f8rsm\u00e5let om dens opprinnelse, og om samisk strikketradisjon."},"titles":{"main":"B\u00e5rj\u00e5s 2017\/2018 Gjenstander og skildringer","readMoreButton":"Les mer"},"urls":{"readMore":"\/?id=484690786&Article=261","booking":null},"created":{"date":"20.12.2018","time":"11:00","timestamp":1545300000},"introAllowHtml":false,"hasTicket":false,"extra":null,"hasReadMore":true,"media":{"imageData":{"path":"\/sites\/a\/arran.no\/files\/baarjaas.jpg","width":2005,"height":1800,"aspectRatio":1.113888888888889},"previewImageUrl":"\/sites\/a\/arran.no\/files\/baarjaas.jpg?cropToFit=100x59&quality=50","imageVariants":[{"path":"\/sites\/a\/arran.no\/files\/baarjaas.jpg?cropToFit=100x59&quality=75","width":100,"height":59,"aspectRatio":1.694915254237288},{"path":"\/sites\/a\/arran.no\/files\/baarjaas.jpg?cropToFit=200x118&quality=75","width":200,"height":118,"aspectRatio":1.694915254237288},{"path":"\/sites\/a\/arran.no\/files\/baarjaas.jpg?cropToFit=400x235&quality=75","width":400,"height":235,"aspectRatio":1.702127659574468},{"path":"\/sites\/a\/arran.no\/files\/baarjaas.jpg?cropToFit=600x353&quality=75","width":600,"height":353,"aspectRatio":1.6997167138810199},{"path":"\/sites\/a\/arran.no\/files\/baarjaas.jpg?cropToFit=800x471&quality=75","width":800,"height":471,"aspectRatio":1.6985138004246285},{"path":"\/sites\/a\/arran.no\/files\/baarjaas.jpg?cropToFit=1000x588&quality=75","width":1000,"height":588,"aspectRatio":1.7006802721088434},{"path":"\/sites\/a\/arran.no\/files\/baarjaas.jpg?cropToFit=1200x706&quality=75","width":1200,"height":706,"aspectRatio":1.6997167138810199}],"image":"\/sites\/a\/arran.no\/files\/baarjaas.jpg","aspect":1.694915254237288,"type":"image","description":"B\u00e5rj\u00e5s 2017\/2018"},"additionalData":[]},{"classes":["outercol"],"isFavourite":false,"isExternalUrl":{"articleLink":false},"articleListButtonsData":{"buttonsList":[{"label":"Les mer","url":"\/?id=484690786&Article=393","type":"readmore"}],"mode":"default"},"favouriteType":null,"mnu":null,"section":null,"displayId":true,"docId":393,"identifier":"393Article","docType":"Article","customDate":false,"teaserData":{"teaserText":"oter, oterfl\u00f8yte, jakt, Siri-Petter","mode":"default"},"content":{"teaser":"oter, oterfl\u00f8yte, jakt, Siri-Petter","intro":"\u00c1rran fikk den 27 oktober 2020 en oterfl\u00f8yta som gave fra Ernst Skoglund, Hamar\u00f8y kommune. Den har tidligere v\u00e6rt eid av den kjente jegeren Siri-Petter, Peter Pedersen (f. 1859 - d. 1940), muligens av slekten Lopar. "},"titles":{"main":"Siri-Petters oterfl\u00f8yte","readMoreButton":"Les mer"},"urls":{"readMore":"\/?id=484690786&Article=393","booking":null},"created":{"date":"28.10.2020","time":"14:36","timestamp":1603892160},"introAllowHtml":false,"hasTicket":false,"extra":null,"hasReadMore":true,"media":{"imageData":{"path":"\/sites\/a\/arran.no\/files\/oterfloeya.jpg","width":2500,"height":1408,"aspectRatio":1.7755681818181819},"previewImageUrl":"\/sites\/a\/arran.no\/files\/oterfloeya.jpg?cropToFit=100x59&quality=50","imageVariants":[{"path":"\/sites\/a\/arran.no\/files\/oterfloeya.jpg?cropToFit=100x59&quality=75","width":100,"height":59,"aspectRatio":1.694915254237288},{"path":"\/sites\/a\/arran.no\/files\/oterfloeya.jpg?cropToFit=200x118&quality=75","width":200,"height":118,"aspectRatio":1.694915254237288},{"path":"\/sites\/a\/arran.no\/files\/oterfloeya.jpg?cropToFit=400x235&quality=75","width":400,"height":235,"aspectRatio":1.702127659574468},{"path":"\/sites\/a\/arran.no\/files\/oterfloeya.jpg?cropToFit=600x353&quality=75","width":600,"height":353,"aspectRatio":1.6997167138810199},{"path":"\/sites\/a\/arran.no\/files\/oterfloeya.jpg?cropToFit=800x471&quality=75","width":800,"height":471,"aspectRatio":1.6985138004246285},{"path":"\/sites\/a\/arran.no\/files\/oterfloeya.jpg?cropToFit=1000x588&quality=75","width":1000,"height":588,"aspectRatio":1.7006802721088434},{"path":"\/sites\/a\/arran.no\/files\/oterfloeya.jpg?cropToFit=1200x706&quality=75","width":1200,"height":706,"aspectRatio":1.6997167138810199}],"image":"\/sites\/a\/arran.no\/files\/oterfloeya.jpg","aspect":1.694915254237288,"type":"image","description":"oterfl\u00f8yta"},"additionalData":[]}],"pages":[1],"currentPage":1,"sections":[]}