{"articles":[{"classes":["outercol"],"isFavourite":false,"isExternalUrl":{"articleLink":false},"articleListButtonsData":{"buttonsList":[{"label":"Read more","url":"\/?id=1442913342&Article=1715","type":"readmore"}],"mode":"default"},"favouriteType":null,"mnu":null,"section":null,"displayId":true,"docId":1715,"identifier":"1715Article","docType":"Article","customDate":false,"teaserData":{"teaserText":"3","mode":"default"},"content":{"teaser":"3","intro":"The green zone highlights how the Sami adapted to inland environments over centuries."},"titles":{"main":"From Hunter to Farmer","readMoreButton":"Read more"},"urls":{"readMore":"\/?id=1442913342&Article=1715","booking":null},"created":{"date":"04\/04\/2023","time":"22:49","timestamp":1680641386},"introAllowHtml":false,"hasTicket":false,"extra":null,"hasReadMore":true,"media":{"imageData":{"path":"\/sites\/a\/arran.no\/files\/2025\/08\/jeger_ebb.jpg","width":3024,"height":4032,"aspectRatio":0.75},"previewImageUrl":"\/sites\/a\/arran.no\/files\/2025\/08\/jeger_ebb.jpg?cropToFit=100x59&quality=50","imageVariants":[{"path":"\/sites\/a\/arran.no\/files\/2025\/08\/jeger_ebb.jpg?cropToFit=100x59&quality=75","width":100,"height":59,"aspectRatio":1.694915254237288},{"path":"\/sites\/a\/arran.no\/files\/2025\/08\/jeger_ebb.jpg?cropToFit=200x118&quality=75","width":200,"height":118,"aspectRatio":1.694915254237288},{"path":"\/sites\/a\/arran.no\/files\/2025\/08\/jeger_ebb.jpg?cropToFit=400x235&quality=75","width":400,"height":235,"aspectRatio":1.702127659574468},{"path":"\/sites\/a\/arran.no\/files\/2025\/08\/jeger_ebb.jpg?cropToFit=600x353&quality=75","width":600,"height":353,"aspectRatio":1.6997167138810199},{"path":"\/sites\/a\/arran.no\/files\/2025\/08\/jeger_ebb.jpg?cropToFit=800x471&quality=75","width":800,"height":471,"aspectRatio":1.6985138004246285},{"path":"\/sites\/a\/arran.no\/files\/2025\/08\/jeger_ebb.jpg?cropToFit=1000x588&quality=75","width":1000,"height":588,"aspectRatio":1.7006802721088434},{"path":"\/sites\/a\/arran.no\/files\/2025\/08\/jeger_ebb.jpg?cropToFit=1200x706&quality=75","width":1200,"height":706,"aspectRatio":1.6997167138810199}],"image":"\/sites\/a\/arran.no\/files\/2025\/08\/jeger_ebb.jpg","aspect":1.694915254237288,"type":"image","description":null},"additionalData":[]},{"classes":["outercol"],"isFavourite":false,"isExternalUrl":{"articleLink":false},"articleListButtonsData":{"buttonsList":[{"label":"Read more","url":"\/?id=1442913342&Article=1717","type":"readmore"}],"mode":"default"},"favouriteType":null,"mnu":null,"section":null,"displayId":true,"docId":1717,"identifier":"1717Article","docType":"Article","customDate":false,"teaserData":{"teaserText":"4","mode":"default"},"content":{"teaser":"4","intro":"Fur has long been among the most valued materials in European history. Alongside wool, it represented more than mere fabric \u2014 it served as a foundation for survival, trade, and social status. "},"titles":{"main":"The Fur Trade","readMoreButton":"Read more"},"urls":{"readMore":"\/?id=1442913342&Article=1717","booking":null},"created":{"date":"04\/04\/2023","time":"22:56","timestamp":1680641817},"introAllowHtml":false,"hasTicket":false,"extra":null,"hasReadMore":true,"media":{"imageData":{"path":"\/sites\/a\/arran.no\/files\/2025\/08\/spinning_ebb.jpg","width":3024,"height":4032,"aspectRatio":0.75},"previewImageUrl":"\/sites\/a\/arran.no\/files\/2025\/08\/spinning_ebb.jpg?cropToFit=100x59&quality=50","imageVariants":[{"path":"\/sites\/a\/arran.no\/files\/2025\/08\/spinning_ebb.jpg?cropToFit=100x59&quality=75","width":100,"height":59,"aspectRatio":1.694915254237288},{"path":"\/sites\/a\/arran.no\/files\/2025\/08\/spinning_ebb.jpg?cropToFit=200x118&quality=75","width":200,"height":118,"aspectRatio":1.694915254237288},{"path":"\/sites\/a\/arran.no\/files\/2025\/08\/spinning_ebb.jpg?cropToFit=400x235&quality=75","width":400,"height":235,"aspectRatio":1.702127659574468},{"path":"\/sites\/a\/arran.no\/files\/2025\/08\/spinning_ebb.jpg?cropToFit=600x353&quality=75","width":600,"height":353,"aspectRatio":1.6997167138810199},{"path":"\/sites\/a\/arran.no\/files\/2025\/08\/spinning_ebb.jpg?cropToFit=800x471&quality=75","width":800,"height":471,"aspectRatio":1.6985138004246285},{"path":"\/sites\/a\/arran.no\/files\/2025\/08\/spinning_ebb.jpg?cropToFit=1000x588&quality=75","width":1000,"height":588,"aspectRatio":1.7006802721088434},{"path":"\/sites\/a\/arran.no\/files\/2025\/08\/spinning_ebb.jpg?cropToFit=1200x706&quality=75","width":1200,"height":706,"aspectRatio":1.6997167138810199}],"image":"\/sites\/a\/arran.no\/files\/2025\/08\/spinning_ebb.jpg","aspect":1.694915254237288,"type":"image","description":null},"additionalData":[]},{"classes":["outercol"],"isFavourite":false,"isExternalUrl":{"articleLink":false},"articleListButtonsData":{"buttonsList":[{"label":"Read more","url":"\/?id=1442913342&Article=1721","type":"readmore"}],"mode":"default"},"favouriteType":null,"mnu":null,"section":null,"displayId":true,"docId":1721,"identifier":"1721Article","docType":"Article","customDate":false,"teaserData":{"teaserText":"5","mode":"default"},"content":{"teaser":"5","intro":"Traditional Sami farm life was characterized by balance and the efficient use of all available natural resources. Nearly everything found in the surrounding environment had a practical function. "},"titles":{"main":"Wild Ground and life on the Farm","readMoreButton":"Read more"},"urls":{"readMore":"\/?id=1442913342&Article=1721","booking":null},"created":{"date":"04\/04\/2023","time":"23:06","timestamp":1680642404},"introAllowHtml":false,"hasTicket":false,"extra":null,"hasReadMore":true,"media":{"imageData":{"path":"\/sites\/a\/arran.no\/files\/b4_uetg.jpg","width":1295,"height":2016,"aspectRatio":0.6423611111111112},"previewImageUrl":"\/sites\/a\/arran.no\/files\/b4_uetg.jpg?cropToFit=100x59&quality=50","imageVariants":[{"path":"\/sites\/a\/arran.no\/files\/b4_uetg.jpg?cropToFit=100x59&quality=75","width":100,"height":59,"aspectRatio":1.694915254237288},{"path":"\/sites\/a\/arran.no\/files\/b4_uetg.jpg?cropToFit=200x118&quality=75","width":200,"height":118,"aspectRatio":1.694915254237288},{"path":"\/sites\/a\/arran.no\/files\/b4_uetg.jpg?cropToFit=400x235&quality=75","width":400,"height":235,"aspectRatio":1.702127659574468},{"path":"\/sites\/a\/arran.no\/files\/b4_uetg.jpg?cropToFit=600x353&quality=75","width":600,"height":353,"aspectRatio":1.6997167138810199},{"path":"\/sites\/a\/arran.no\/files\/b4_uetg.jpg?cropToFit=800x471&quality=75","width":800,"height":471,"aspectRatio":1.6985138004246285},{"path":"\/sites\/a\/arran.no\/files\/b4_uetg.jpg?cropToFit=1000x588&quality=75","width":1000,"height":588,"aspectRatio":1.7006802721088434},{"path":"\/sites\/a\/arran.no\/files\/b4_uetg.jpg?cropToFit=1200x706&quality=75","width":1200,"height":706,"aspectRatio":1.6997167138810199}],"image":"\/sites\/a\/arran.no\/files\/b4_uetg.jpg","aspect":1.694915254237288,"type":"image","description":null},"additionalData":[]},{"classes":["outercol"],"isFavourite":false,"isExternalUrl":{"articleLink":false},"articleListButtonsData":{"buttonsList":[{"label":"Read more","url":"\/?id=1442913342&Article=1728","type":"readmore"}],"mode":"default"},"favouriteType":null,"mnu":null,"section":null,"displayId":true,"docId":1728,"identifier":"1728Article","docType":"Article","customDate":false,"teaserData":{"teaserText":"6","mode":"default"},"content":{"teaser":"6","intro":"The fjord landscape, with its quiet waters and steep surrounding slopes, has long shaped patterns of Sami settlement and subsistence"},"titles":{"main":"The Sami Summer Dairy and the Hunt","readMoreButton":"Read more"},"urls":{"readMore":"\/?id=1442913342&Article=1728","booking":null},"created":{"date":"04\/04\/2023","time":"23:11","timestamp":1680642687},"introAllowHtml":false,"hasTicket":false,"extra":null,"hasReadMore":true,"media":{"imageData":{"path":"\/sites\/a\/arran.no\/files\/b6_uetg.jpg","width":1415,"height":2016,"aspectRatio":0.7018849206349206},"previewImageUrl":"\/sites\/a\/arran.no\/files\/b6_uetg.jpg?cropToFit=100x59&quality=50","imageVariants":[{"path":"\/sites\/a\/arran.no\/files\/b6_uetg.jpg?cropToFit=100x59&quality=75","width":100,"height":59,"aspectRatio":1.694915254237288},{"path":"\/sites\/a\/arran.no\/files\/b6_uetg.jpg?cropToFit=200x118&quality=75","width":200,"height":118,"aspectRatio":1.694915254237288},{"path":"\/sites\/a\/arran.no\/files\/b6_uetg.jpg?cropToFit=400x235&quality=75","width":400,"height":235,"aspectRatio":1.702127659574468},{"path":"\/sites\/a\/arran.no\/files\/b6_uetg.jpg?cropToFit=600x353&quality=75","width":600,"height":353,"aspectRatio":1.6997167138810199},{"path":"\/sites\/a\/arran.no\/files\/b6_uetg.jpg?cropToFit=800x471&quality=75","width":800,"height":471,"aspectRatio":1.6985138004246285},{"path":"\/sites\/a\/arran.no\/files\/b6_uetg.jpg?cropToFit=1000x588&quality=75","width":1000,"height":588,"aspectRatio":1.7006802721088434},{"path":"\/sites\/a\/arran.no\/files\/b6_uetg.jpg?cropToFit=1200x706&quality=75","width":1200,"height":706,"aspectRatio":1.6997167138810199}],"image":"\/sites\/a\/arran.no\/files\/b6_uetg.jpg","aspect":1.694915254237288,"type":"image","description":null},"additionalData":[]},{"classes":["outercol"],"isFavourite":false,"isExternalUrl":{"articleLink":false},"articleListButtonsData":{"buttonsList":[{"label":"Read more","url":"\/?id=1442913342&Article=1732","type":"readmore"}],"mode":"default"},"favouriteType":null,"mnu":null,"section":null,"displayId":true,"docId":1732,"identifier":"1732Article","docType":"Article","customDate":false,"teaserData":{"teaserText":"7","mode":"default"},"content":{"teaser":"7","intro":"The daily and seasonal rhythm of life on a Sami farm was shaped not only by weather and landscape, but also by the calendar of belief."},"titles":{"main":"The Year\u2019s Cycle","readMoreButton":"Read more"},"urls":{"readMore":"\/?id=1442913342&Article=1732","booking":null},"created":{"date":"04\/04\/2023","time":"23:15","timestamp":1680642911},"introAllowHtml":false,"hasTicket":false,"extra":null,"hasReadMore":true,"media":{"imageData":{"path":"\/sites\/a\/arran.no\/files\/2025\/08\/__rssyklus_horisontal_ebb.jpg","width":4032,"height":3024,"aspectRatio":1.3333333333333333},"previewImageUrl":"\/sites\/a\/arran.no\/files\/2025\/08\/__rssyklus_horisontal_ebb.jpg?cropToFit=100x59&quality=50","imageVariants":[{"path":"\/sites\/a\/arran.no\/files\/2025\/08\/__rssyklus_horisontal_ebb.jpg?cropToFit=100x59&quality=75","width":100,"height":59,"aspectRatio":1.694915254237288},{"path":"\/sites\/a\/arran.no\/files\/2025\/08\/__rssyklus_horisontal_ebb.jpg?cropToFit=200x118&quality=75","width":200,"height":118,"aspectRatio":1.694915254237288},{"path":"\/sites\/a\/arran.no\/files\/2025\/08\/__rssyklus_horisontal_ebb.jpg?cropToFit=400x235&quality=75","width":400,"height":235,"aspectRatio":1.702127659574468},{"path":"\/sites\/a\/arran.no\/files\/2025\/08\/__rssyklus_horisontal_ebb.jpg?cropToFit=600x353&quality=75","width":600,"height":353,"aspectRatio":1.6997167138810199},{"path":"\/sites\/a\/arran.no\/files\/2025\/08\/__rssyklus_horisontal_ebb.jpg?cropToFit=800x471&quality=75","width":800,"height":471,"aspectRatio":1.6985138004246285},{"path":"\/sites\/a\/arran.no\/files\/2025\/08\/__rssyklus_horisontal_ebb.jpg?cropToFit=1000x588&quality=75","width":1000,"height":588,"aspectRatio":1.7006802721088434},{"path":"\/sites\/a\/arran.no\/files\/2025\/08\/__rssyklus_horisontal_ebb.jpg?cropToFit=1200x706&quality=75","width":1200,"height":706,"aspectRatio":1.6997167138810199}],"image":"\/sites\/a\/arran.no\/files\/2025\/08\/__rssyklus_horisontal_ebb.jpg","aspect":1.694915254237288,"type":"image","description":null},"additionalData":[]},{"classes":["outercol"],"isFavourite":false,"isExternalUrl":{"articleLink":false},"articleListButtonsData":{"buttonsList":[{"label":"Read more","url":"\/?id=1442913342&Article=2494","type":"readmore"}],"mode":"default"},"favouriteType":null,"mnu":null,"section":null,"displayId":true,"docId":2494,"identifier":"2494Article","docType":"Article","customDate":false,"teaserData":{"teaserText":"8","mode":"default"},"content":{"teaser":"8","intro":"For over a thousand years, the seasonal fisheries of Lufoahtta\/Lofoten have shaped life along the coast of Northern Norway."},"titles":{"main":"The Lofoten Fisheries, S\u00e1mis as boat builders and shipping of goods","readMoreButton":"Read more"},"urls":{"readMore":"\/?id=1442913342&Article=2494","booking":null},"created":{"date":"28\/06\/2023","time":"13:48","timestamp":1687952930},"introAllowHtml":false,"hasTicket":false,"extra":null,"hasReadMore":true,"media":{"imageData":{"path":"\/sites\/a\/arran.no\/files\/2025\/08\/fiskeri_detalj_ebb.jpg","width":3024,"height":4032,"aspectRatio":0.75},"previewImageUrl":"\/sites\/a\/arran.no\/files\/2025\/08\/fiskeri_detalj_ebb.jpg?cropToFit=100x59&quality=50","imageVariants":[{"path":"\/sites\/a\/arran.no\/files\/2025\/08\/fiskeri_detalj_ebb.jpg?cropToFit=100x59&quality=75","width":100,"height":59,"aspectRatio":1.694915254237288},{"path":"\/sites\/a\/arran.no\/files\/2025\/08\/fiskeri_detalj_ebb.jpg?cropToFit=200x118&quality=75","width":200,"height":118,"aspectRatio":1.694915254237288},{"path":"\/sites\/a\/arran.no\/files\/2025\/08\/fiskeri_detalj_ebb.jpg?cropToFit=400x235&quality=75","width":400,"height":235,"aspectRatio":1.702127659574468},{"path":"\/sites\/a\/arran.no\/files\/2025\/08\/fiskeri_detalj_ebb.jpg?cropToFit=600x353&quality=75","width":600,"height":353,"aspectRatio":1.6997167138810199},{"path":"\/sites\/a\/arran.no\/files\/2025\/08\/fiskeri_detalj_ebb.jpg?cropToFit=800x471&quality=75","width":800,"height":471,"aspectRatio":1.6985138004246285},{"path":"\/sites\/a\/arran.no\/files\/2025\/08\/fiskeri_detalj_ebb.jpg?cropToFit=1000x588&quality=75","width":1000,"height":588,"aspectRatio":1.7006802721088434},{"path":"\/sites\/a\/arran.no\/files\/2025\/08\/fiskeri_detalj_ebb.jpg?cropToFit=1200x706&quality=75","width":1200,"height":706,"aspectRatio":1.6997167138810199}],"image":"\/sites\/a\/arran.no\/files\/2025\/08\/fiskeri_detalj_ebb.jpg","aspect":1.694915254237288,"type":"image","description":null},"additionalData":[]},{"classes":["outercol"],"isFavourite":false,"isExternalUrl":{"articleLink":false},"articleListButtonsData":{"buttonsList":[{"label":"Read more","url":"\/?id=1442913342&Article=2497","type":"readmore"}],"mode":"default"},"favouriteType":null,"mnu":null,"section":null,"displayId":true,"docId":2497,"identifier":"2497Article","docType":"Article","customDate":false,"teaserData":{"teaserText":"9","mode":"default"},"content":{"teaser":"9","intro":"At the turn of the 20th century, maritime practices along the northern coast of Norway began to shift significantly. One of the most transformative changes was the introduction of engines in fishing vessels, gradually replacing traditional sails and oars with mechanical power. "},"titles":{"main":"The Enigne and Hunting Large Sea Mammals","readMoreButton":"Read more"},"urls":{"readMore":"\/?id=1442913342&Article=2497","booking":null},"created":{"date":"28\/06\/2023","time":"15:03","timestamp":1687957399},"introAllowHtml":false,"hasTicket":false,"extra":null,"hasReadMore":true,"media":{"imageData":{"path":"\/sites\/a\/arran.no\/files\/2025\/08\/motoren_ebb.jpg","width":4032,"height":3024,"aspectRatio":1.3333333333333333},"previewImageUrl":"\/sites\/a\/arran.no\/files\/2025\/08\/motoren_ebb.jpg?cropToFit=100x59&quality=50","imageVariants":[{"path":"\/sites\/a\/arran.no\/files\/2025\/08\/motoren_ebb.jpg?cropToFit=100x59&quality=75","width":100,"height":59,"aspectRatio":1.694915254237288},{"path":"\/sites\/a\/arran.no\/files\/2025\/08\/motoren_ebb.jpg?cropToFit=200x118&quality=75","width":200,"height":118,"aspectRatio":1.694915254237288},{"path":"\/sites\/a\/arran.no\/files\/2025\/08\/motoren_ebb.jpg?cropToFit=400x235&quality=75","width":400,"height":235,"aspectRatio":1.702127659574468},{"path":"\/sites\/a\/arran.no\/files\/2025\/08\/motoren_ebb.jpg?cropToFit=600x353&quality=75","width":600,"height":353,"aspectRatio":1.6997167138810199},{"path":"\/sites\/a\/arran.no\/files\/2025\/08\/motoren_ebb.jpg?cropToFit=800x471&quality=75","width":800,"height":471,"aspectRatio":1.6985138004246285},{"path":"\/sites\/a\/arran.no\/files\/2025\/08\/motoren_ebb.jpg?cropToFit=1000x588&quality=75","width":1000,"height":588,"aspectRatio":1.7006802721088434},{"path":"\/sites\/a\/arran.no\/files\/2025\/08\/motoren_ebb.jpg?cropToFit=1200x706&quality=75","width":1200,"height":706,"aspectRatio":1.6997167138810199}],"image":"\/sites\/a\/arran.no\/files\/2025\/08\/motoren_ebb.jpg","aspect":1.694915254237288,"type":"image","description":null},"additionalData":[]},{"classes":["outercol"],"isFavourite":false,"isExternalUrl":{"articleLink":false},"articleListButtonsData":{"buttonsList":[{"label":"Read more","url":"\/?id=1442913342&Article=2505","type":"readmore"}],"mode":"default"},"favouriteType":null,"mnu":null,"section":null,"displayId":true,"docId":2505,"identifier":"2505Article","docType":"Article","customDate":false,"teaserData":{"teaserText":"10","mode":"default"},"content":{"teaser":"10","intro":"Centuries ago, the harbor in Biergun\/Bergen would have been filled with the sounds and scents of maritime life \u2014 the creak of boats, the smell of dried fish and smoke, and voices speaking across languages and regions."},"titles":{"main":"Trading in Bergen & the Trumpet of Nordland","readMoreButton":"Read more"},"urls":{"readMore":"\/?id=1442913342&Article=2505","booking":null},"created":{"date":"29\/06\/2023","time":"10:14","timestamp":1688026483},"introAllowHtml":false,"hasTicket":false,"extra":null,"hasReadMore":true,"media":{"imageData":{"path":"\/sites\/a\/arran.no\/files\/2025\/08\/hornskjeer_ebb.jpg","width":3024,"height":4032,"aspectRatio":0.75},"previewImageUrl":"\/sites\/a\/arran.no\/files\/2025\/08\/hornskjeer_ebb.jpg?cropToFit=100x59&quality=50","imageVariants":[{"path":"\/sites\/a\/arran.no\/files\/2025\/08\/hornskjeer_ebb.jpg?cropToFit=100x59&quality=75","width":100,"height":59,"aspectRatio":1.694915254237288},{"path":"\/sites\/a\/arran.no\/files\/2025\/08\/hornskjeer_ebb.jpg?cropToFit=200x118&quality=75","width":200,"height":118,"aspectRatio":1.694915254237288},{"path":"\/sites\/a\/arran.no\/files\/2025\/08\/hornskjeer_ebb.jpg?cropToFit=400x235&quality=75","width":400,"height":235,"aspectRatio":1.702127659574468},{"path":"\/sites\/a\/arran.no\/files\/2025\/08\/hornskjeer_ebb.jpg?cropToFit=600x353&quality=75","width":600,"height":353,"aspectRatio":1.6997167138810199},{"path":"\/sites\/a\/arran.no\/files\/2025\/08\/hornskjeer_ebb.jpg?cropToFit=800x471&quality=75","width":800,"height":471,"aspectRatio":1.6985138004246285},{"path":"\/sites\/a\/arran.no\/files\/2025\/08\/hornskjeer_ebb.jpg?cropToFit=1000x588&quality=75","width":1000,"height":588,"aspectRatio":1.7006802721088434},{"path":"\/sites\/a\/arran.no\/files\/2025\/08\/hornskjeer_ebb.jpg?cropToFit=1200x706&quality=75","width":1200,"height":706,"aspectRatio":1.6997167138810199}],"image":"\/sites\/a\/arran.no\/files\/2025\/08\/hornskjeer_ebb.jpg","aspect":1.694915254237288,"type":"image","description":null},"additionalData":[]},{"classes":["outercol"],"isFavourite":false,"isExternalUrl":{"articleLink":false},"articleListButtonsData":{"buttonsList":[{"label":"Read more","url":"\/?id=1442913342&Article=2507","type":"readmore"}],"mode":"default"},"favouriteType":null,"mnu":null,"section":null,"displayId":true,"docId":2507,"identifier":"2507Article","docType":"Article","customDate":false,"teaserData":{"teaserText":"11","mode":"default"},"content":{"teaser":"11","intro":"Along the coast of Northern Norway, boats have always been essential to S\u00e1mi life. They served not only for travel and fishing, but as a means of trade, subsistence, and connection between communities. "},"titles":{"main":"Sami Boatbuilding","readMoreButton":"Read more"},"urls":{"readMore":"\/?id=1442913342&Article=2507","booking":null},"created":{"date":"29\/06\/2023","time":"10:24","timestamp":1688027093},"introAllowHtml":false,"hasTicket":false,"extra":null,"hasReadMore":true,"media":{"imageData":{"path":"\/sites\/a\/arran.no\/files\/2025\/08\/b__tbygging_maleri_ebb.jpg","width":4032,"height":3024,"aspectRatio":1.3333333333333333},"previewImageUrl":"\/sites\/a\/arran.no\/files\/2025\/08\/b__tbygging_maleri_ebb.jpg?cropToFit=100x59&quality=50","imageVariants":[{"path":"\/sites\/a\/arran.no\/files\/2025\/08\/b__tbygging_maleri_ebb.jpg?cropToFit=100x59&quality=75","width":100,"height":59,"aspectRatio":1.694915254237288},{"path":"\/sites\/a\/arran.no\/files\/2025\/08\/b__tbygging_maleri_ebb.jpg?cropToFit=200x118&quality=75","width":200,"height":118,"aspectRatio":1.694915254237288},{"path":"\/sites\/a\/arran.no\/files\/2025\/08\/b__tbygging_maleri_ebb.jpg?cropToFit=400x235&quality=75","width":400,"height":235,"aspectRatio":1.702127659574468},{"path":"\/sites\/a\/arran.no\/files\/2025\/08\/b__tbygging_maleri_ebb.jpg?cropToFit=600x353&quality=75","width":600,"height":353,"aspectRatio":1.6997167138810199},{"path":"\/sites\/a\/arran.no\/files\/2025\/08\/b__tbygging_maleri_ebb.jpg?cropToFit=800x471&quality=75","width":800,"height":471,"aspectRatio":1.6985138004246285},{"path":"\/sites\/a\/arran.no\/files\/2025\/08\/b__tbygging_maleri_ebb.jpg?cropToFit=1000x588&quality=75","width":1000,"height":588,"aspectRatio":1.7006802721088434},{"path":"\/sites\/a\/arran.no\/files\/2025\/08\/b__tbygging_maleri_ebb.jpg?cropToFit=1200x706&quality=75","width":1200,"height":706,"aspectRatio":1.6997167138810199}],"image":"\/sites\/a\/arran.no\/files\/2025\/08\/b__tbygging_maleri_ebb.jpg","aspect":1.694915254237288,"type":"image","description":null},"additionalData":[]},{"classes":["outercol"],"isFavourite":false,"isExternalUrl":{"articleLink":false},"articleListButtonsData":{"buttonsList":[{"label":"Read more","url":"\/?id=1442913342&Article=20632","type":"readmore"}],"mode":"default"},"favouriteType":null,"mnu":null,"section":null,"displayId":true,"docId":20632,"identifier":"20632Article","docType":"Article","customDate":false,"teaserData":{"teaserText":"12","mode":"default"},"content":{"teaser":"12","intro":"This section of the exhibition addresses a painful and difficult period in S\u00e1mi history \u2014 one marked by exclusion, racial science, and quiet forms of resistance. "},"titles":{"main":"Racial Research","readMoreButton":"Read more"},"urls":{"readMore":"\/?id=1442913342&Article=20632","booking":null},"created":{"date":"08\/08\/2025","time":"11:35","timestamp":1754645700},"introAllowHtml":false,"hasTicket":false,"extra":null,"hasReadMore":true,"media":{"imageData":{"path":"\/sites\/a\/arran.no\/files\/2025\/08\/raseforskning_portretter_ebb.jpg","width":600,"height":800,"aspectRatio":0.75},"previewImageUrl":"\/sites\/a\/arran.no\/files\/2025\/08\/raseforskning_portretter_ebb.jpg?cropToFit=100x59&quality=50","imageVariants":[{"path":"\/sites\/a\/arran.no\/files\/2025\/08\/raseforskning_portretter_ebb.jpg?cropToFit=100x59&quality=75","width":100,"height":59,"aspectRatio":1.694915254237288},{"path":"\/sites\/a\/arran.no\/files\/2025\/08\/raseforskning_portretter_ebb.jpg?cropToFit=200x118&quality=75","width":200,"height":118,"aspectRatio":1.694915254237288},{"path":"\/sites\/a\/arran.no\/files\/2025\/08\/raseforskning_portretter_ebb.jpg?cropToFit=400x235&quality=75","width":400,"height":235,"aspectRatio":1.702127659574468},{"path":"\/sites\/a\/arran.no\/files\/2025\/08\/raseforskning_portretter_ebb.jpg?cropToFit=600x353&quality=75","width":600,"height":353,"aspectRatio":1.6997167138810199},{"path":"\/sites\/a\/arran.no\/files\/2025\/08\/raseforskning_portretter_ebb.jpg?cropToFit=800x471&quality=75","width":600,"height":353,"aspectRatio":1.6997167138810199},{"path":"\/sites\/a\/arran.no\/files\/2025\/08\/raseforskning_portretter_ebb.jpg?cropToFit=1000x588&quality=75","width":600,"height":353,"aspectRatio":1.6997167138810199},{"path":"\/sites\/a\/arran.no\/files\/2025\/08\/raseforskning_portretter_ebb.jpg?cropToFit=1200x706&quality=75","width":600,"height":353,"aspectRatio":1.6997167138810199}],"image":"\/sites\/a\/arran.no\/files\/2025\/08\/raseforskning_portretter_ebb.jpg","aspect":1.694915254237288,"type":"image","description":null},"additionalData":[]},{"classes":["outercol"],"isFavourite":false,"isExternalUrl":{"articleLink":false},"articleListButtonsData":{"buttonsList":[{"label":"Read more","url":"\/?id=1442913342&Article=20644","type":"readmore"}],"mode":"default"},"favouriteType":null,"mnu":null,"section":null,"displayId":true,"docId":20644,"identifier":"20644Article","docType":"Article","customDate":false,"teaserData":{"teaserText":"13","mode":"default"},"content":{"teaser":"13","intro":"During the Second World War, the fjords and mountains of Divtasvuodna\/Tysfjord became discreet but vital corridors of resistance. "},"titles":{"main":"The S\u00e1mi Border Pilots","readMoreButton":"Read more"},"urls":{"readMore":"\/?id=1442913342&Article=20644","booking":null},"created":{"date":"08\/08\/2025","time":"11:39","timestamp":1754645940},"introAllowHtml":false,"hasTicket":false,"extra":null,"hasReadMore":true,"media":{"imageData":{"path":"\/sites\/a\/arran.no\/files\/2025\/08\/h__ndgranat_ebb.jpg","width":3024,"height":4032,"aspectRatio":0.75},"previewImageUrl":"\/sites\/a\/arran.no\/files\/2025\/08\/h__ndgranat_ebb.jpg?cropToFit=100x59&quality=50","imageVariants":[{"path":"\/sites\/a\/arran.no\/files\/2025\/08\/h__ndgranat_ebb.jpg?cropToFit=100x59&quality=75","width":100,"height":59,"aspectRatio":1.694915254237288},{"path":"\/sites\/a\/arran.no\/files\/2025\/08\/h__ndgranat_ebb.jpg?cropToFit=200x118&quality=75","width":200,"height":118,"aspectRatio":1.694915254237288},{"path":"\/sites\/a\/arran.no\/files\/2025\/08\/h__ndgranat_ebb.jpg?cropToFit=400x235&quality=75","width":400,"height":235,"aspectRatio":1.702127659574468},{"path":"\/sites\/a\/arran.no\/files\/2025\/08\/h__ndgranat_ebb.jpg?cropToFit=600x353&quality=75","width":600,"height":353,"aspectRatio":1.6997167138810199},{"path":"\/sites\/a\/arran.no\/files\/2025\/08\/h__ndgranat_ebb.jpg?cropToFit=800x471&quality=75","width":800,"height":471,"aspectRatio":1.6985138004246285},{"path":"\/sites\/a\/arran.no\/files\/2025\/08\/h__ndgranat_ebb.jpg?cropToFit=1000x588&quality=75","width":1000,"height":588,"aspectRatio":1.7006802721088434},{"path":"\/sites\/a\/arran.no\/files\/2025\/08\/h__ndgranat_ebb.jpg?cropToFit=1200x706&quality=75","width":1200,"height":706,"aspectRatio":1.6997167138810199}],"image":"\/sites\/a\/arran.no\/files\/2025\/08\/h__ndgranat_ebb.jpg","aspect":1.694915254237288,"type":"image","description":null},"additionalData":[]},{"classes":["outercol"],"isFavourite":false,"isExternalUrl":{"articleLink":false},"articleListButtonsData":{"buttonsList":[{"label":"Read more","url":"\/?id=1442913342&Article=20645","type":"readmore"}],"mode":"default"},"favouriteType":null,"mnu":null,"section":null,"displayId":true,"docId":20645,"identifier":"20645Article","docType":"Article","customDate":false,"teaserData":{"teaserText":"14","mode":"default"},"content":{"teaser":"14","intro":"The wall in the exhibition is filled with faces \u2014 some looking directly ahead, others turned away. Above them, the title reads: \u201cWe were meant to become good Norwegians.\u201d"},"titles":{"main":"The Residential Schools","readMoreButton":"Read more"},"urls":{"readMore":"\/?id=1442913342&Article=20645","booking":null},"created":{"date":"08\/08\/2025","time":"11:44","timestamp":1754646240},"introAllowHtml":false,"hasTicket":false,"extra":null,"hasReadMore":true,"media":{"imageData":{"path":"\/sites\/a\/arran.no\/files\/2025\/08\/internatskoleplansje_ebb.jpg","width":4032,"height":3024,"aspectRatio":1.3333333333333333},"previewImageUrl":"\/sites\/a\/arran.no\/files\/2025\/08\/internatskoleplansje_ebb.jpg?cropToFit=100x59&quality=50","imageVariants":[{"path":"\/sites\/a\/arran.no\/files\/2025\/08\/internatskoleplansje_ebb.jpg?cropToFit=100x59&quality=75","width":100,"height":59,"aspectRatio":1.694915254237288},{"path":"\/sites\/a\/arran.no\/files\/2025\/08\/internatskoleplansje_ebb.jpg?cropToFit=200x118&quality=75","width":200,"height":118,"aspectRatio":1.694915254237288},{"path":"\/sites\/a\/arran.no\/files\/2025\/08\/internatskoleplansje_ebb.jpg?cropToFit=400x235&quality=75","width":400,"height":235,"aspectRatio":1.702127659574468},{"path":"\/sites\/a\/arran.no\/files\/2025\/08\/internatskoleplansje_ebb.jpg?cropToFit=600x353&quality=75","width":600,"height":353,"aspectRatio":1.6997167138810199},{"path":"\/sites\/a\/arran.no\/files\/2025\/08\/internatskoleplansje_ebb.jpg?cropToFit=800x471&quality=75","width":800,"height":471,"aspectRatio":1.6985138004246285},{"path":"\/sites\/a\/arran.no\/files\/2025\/08\/internatskoleplansje_ebb.jpg?cropToFit=1000x588&quality=75","width":1000,"height":588,"aspectRatio":1.7006802721088434},{"path":"\/sites\/a\/arran.no\/files\/2025\/08\/internatskoleplansje_ebb.jpg?cropToFit=1200x706&quality=75","width":1200,"height":706,"aspectRatio":1.6997167138810199}],"image":"\/sites\/a\/arran.no\/files\/2025\/08\/internatskoleplansje_ebb.jpg","aspect":1.694915254237288,"type":"image","description":null},"additionalData":[]},{"classes":["outercol"],"isFavourite":false,"isExternalUrl":{"articleLink":false},"articleListButtonsData":{"buttonsList":[{"label":"Read more","url":"\/?id=1442913342&Article=20646","type":"readmore"}],"mode":"default"},"favouriteType":null,"mnu":null,"section":null,"displayId":true,"docId":20646,"identifier":"20646Article","docType":"Article","customDate":false,"teaserData":{"teaserText":"15","mode":"default"},"content":{"teaser":"15","intro":"This room may appear empty now \u2014 but it will soon house a selection of objects from the B\u00e5\u00e5stede collection, part of Norway\u2019s largest repatriation initiative involving S\u00e1mi cultural heritage. "},"titles":{"main":"B\u00e5\u00e5stede","readMoreButton":"Read more"},"urls":{"readMore":"\/?id=1442913342&Article=20646","booking":null},"created":{"date":"08\/08\/2025","time":"11:47","timestamp":1754646420},"introAllowHtml":false,"hasTicket":false,"extra":null,"hasReadMore":true,"media":{"imageData":{"path":"\/sites\/a\/arran.no\/files\/2025\/08\/bl__sal_tom_vertikal_ebb.jpg","width":600,"height":800,"aspectRatio":0.75},"previewImageUrl":"\/sites\/a\/arran.no\/files\/2025\/08\/bl__sal_tom_vertikal_ebb.jpg?cropToFit=100x59&quality=50","imageVariants":[{"path":"\/sites\/a\/arran.no\/files\/2025\/08\/bl__sal_tom_vertikal_ebb.jpg?cropToFit=100x59&quality=75","width":100,"height":59,"aspectRatio":1.694915254237288},{"path":"\/sites\/a\/arran.no\/files\/2025\/08\/bl__sal_tom_vertikal_ebb.jpg?cropToFit=200x118&quality=75","width":200,"height":118,"aspectRatio":1.694915254237288},{"path":"\/sites\/a\/arran.no\/files\/2025\/08\/bl__sal_tom_vertikal_ebb.jpg?cropToFit=400x235&quality=75","width":400,"height":235,"aspectRatio":1.702127659574468},{"path":"\/sites\/a\/arran.no\/files\/2025\/08\/bl__sal_tom_vertikal_ebb.jpg?cropToFit=600x353&quality=75","width":600,"height":353,"aspectRatio":1.6997167138810199},{"path":"\/sites\/a\/arran.no\/files\/2025\/08\/bl__sal_tom_vertikal_ebb.jpg?cropToFit=800x471&quality=75","width":600,"height":353,"aspectRatio":1.6997167138810199},{"path":"\/sites\/a\/arran.no\/files\/2025\/08\/bl__sal_tom_vertikal_ebb.jpg?cropToFit=1000x588&quality=75","width":600,"height":353,"aspectRatio":1.6997167138810199},{"path":"\/sites\/a\/arran.no\/files\/2025\/08\/bl__sal_tom_vertikal_ebb.jpg?cropToFit=1200x706&quality=75","width":600,"height":353,"aspectRatio":1.6997167138810199}],"image":"\/sites\/a\/arran.no\/files\/2025\/08\/bl__sal_tom_vertikal_ebb.jpg","aspect":1.694915254237288,"type":"image","description":null},"additionalData":[]}],"pages":[1],"currentPage":1,"sections":[]}